{"id":1037,"date":"2021-09-20T11:26:37","date_gmt":"2021-09-20T11:26:37","guid":{"rendered":"https:\/\/zspbierdzany.pl\/?page_id=1037"},"modified":"2021-09-20T11:26:37","modified_gmt":"2021-09-20T11:26:37","slug":"procedura-uzyskiwania-zwolnien-z-zajec-wychowania-fizycznego","status":"publish","type":"page","link":"https:\/\/zspbierdzany.pl\/index.php\/procedura-uzyskiwania-zwolnien-z-zajec-wychowania-fizycznego\/","title":{"rendered":"PROCEDURA UZYSKIWANIA ZWOLNIE\u0143\u00a0Z ZAJ\u0118\u0106 WYCHOWANIA FIZYCZNEGO"},"content":{"rendered":"<p style=\"text-align: center;\"><strong>PROCEDURA UZYSKIWANIA ZWOLNIE\u0143\u00a0Z ZAJ\u0118\u0106 WYCHOWANIA FIZYCZNEGO<\/strong><\/p>\n<p style=\"text-align: center;\">w Publicznej Szkole Podstawowej w Bierdzanach<\/p>\n<p>Podstawa prawna:<\/p>\n<ol>\n<li>Paragraf 4 rozporz\u0105dzenia Ministra Edukacji Narodowej z dnia 22 lutego 2019 r. w sprawie oceniania, klasyfikowania i promowania uczni\u00f3w i s\u0142uchaczy w szko\u0142ach publicznych (Dz. U. z 2019 r. poz. 373)<\/li>\n<li>Statut \u00a0Publicznej Szko\u0142y Podstawowej w Bierdzanach<\/li>\n<\/ol>\n<p>Procedura post\u0119powania.<\/p>\n<ol>\n<li>W uzasadnionych przypadkach ucze\u0144 mo\u017ce by\u0107 zwolniony na czas okre\u015blony z zaj\u0119\u0107 wychowania fizycznego.<\/li>\n<li>W wyj\u0105tkowych sytuacjach mog\u0105 zwolni\u0107 ucznia z uczestnictwa w zaj\u0119ciach wychowania fizycznego rodzice (opiekunowie prawni) poprzez dokonanie umotywowanego usprawiedliwienia. Rodzice mog\u0105 zwolni\u0107 pisemnie ucznia na maksymalnie 1 tydzie\u0144, przy czym \u0142\u0105czna d\u0142ugo\u015b\u0107 tego typu zwolnie\u0144 nie powinna przekracza\u0107 dw\u00f3ch tygodni.<\/li>\n<li>D\u0142u\u017csze zwolnienie ucznia z zaj\u0119\u0107 wychowania fizycznego musi by\u0107 poparte odpowiednim za\u015bwiadczeniem wystawionym przez lekarza.<\/li>\n<li>Za\u015bwiadczenie lekarskie, wskazuj\u0105ce na konieczno\u015b\u0107 zwolnienia ucznia z zaj\u0119\u0107 wychowania fizycznego na okres nie d\u0142u\u017cszy ni\u017c 1 miesi\u0105c, nale\u017cy przekaza\u0107 nauczycielowi wychowania fizycznego, kt\u00f3ry obowi\u0105zany jest przechowywa\u0107 je do ko\u0144ca danego roku szkolnego tj. do 31 sierpnia.<\/li>\n<li>Za\u015bwiadczenie lekarskie wystawione na okres d\u0142u\u017cszy ni\u017c miesi\u0105c, jednak nieobejmuj\u0105ce ca\u0142ego semestru, nale\u017cy z\u0142o\u017cy\u0107 wraz z podaniem. W tym przypadku dyrektor szko\u0142y wydaje decyzj\u0119 o zwolnieniu ucznia z zaj\u0119\u0107 wychowania fizycznego na podstawie za\u015bwiadczenia.<\/li>\n<li>Zwolnienie mo\u017ce dotyczy\u0107 pierwszego lub drugiego semestru lub ca\u0142ego roku szkolnego,<br \/>\nw zale\u017cno\u015bci od wskaza\u0144 lekarza zawartych w za\u015bwiadczeniu o ograniczonych mo\u017cliwo\u015bciach uczestniczenia ucznia w zaj\u0119ciach.<\/li>\n<li>O zwolnienie ucznia z zaj\u0119\u0107 wychowania fizycznego wyst\u0119puj\u0105 rodzice (opiekunowie prawni). Sk\u0142adaj\u0105 podanie<sup>1<\/sup> do dyrektora szko\u0142y, do kt\u00f3rego za\u0142\u0105czaj\u0105 za\u015bwiadczenie lekarskie.<\/li>\n<li>Podanie nale\u017cy przed\u0142o\u017cy\u0107 dyrektorowi niezw\u0142ocznie po uzyskaniu za\u015bwiadczenia od lekarza, jednak nie p\u00f3\u017aniej ni\u017c:\n<ol>\n<li>w przypadku zwolnienia dotycz\u0105cego I semestru \u2013 do 10 wrze\u015bnia danego roku szkolnego,<\/li>\n<li>w przypadku zwolnienia dotycz\u0105cego II semestru \u2013 do 10 lutego danego roku szkolnego.<\/li>\n<\/ol>\n<\/li>\n<li>W przypadku zdarze\u0144 losowych i za\u015bwiadcze\u0144 lekarskich wystawianych w ci\u0105gu roku szkolnego rodzice sk\u0142adaj\u0105 podania poza ustalonymi wy\u017cej terminami, jednak niezw\u0142ocznie po uzyskaniu za\u015bwiadczenia lekarskiego.<\/li>\n<li>Za\u015bwiadczenie lekarskie zwalniaj\u0105ce ucznia z \u0107wicze\u0144 z wsteczn\u0105 dat\u0105 (np. za\u015bwiadczenie wystawione w dniu 15 pa\u017adziernika, a lekarz zwalnia ucznia z zaj\u0119\u0107 wychowania fizycznego od 1 wrze\u015bnia) b\u0119dzie respektowane od daty wystawienia za\u015bwiadczenia.<\/li>\n<li>Zwolnienie niedostarczone w terminie b\u0119dzie wa\u017cne od daty jego dostarczenia.<\/li>\n<li>Dyrektor szko\u0142y wydaje decyzj\u0119 o zwolnieniu ucznia z zaj\u0119\u0107 w terminie do 7 dni roboczych od daty wp\u0142ywu podania. Rodzice (opiekunowie prawni) odbieraj\u0105 decyzj\u0119 dyrektora.<\/li>\n<li>W przypadku decyzji odmownej rodzice (opiekunowie prawni) mog\u0105 si\u0119 odwo\u0142a\u0107 za\u00a0 po\u015brednictwem dyrektora do Opolskiego Kuratora O\u015bwiaty.<\/li>\n<li>O zwolnieniu ucznia z zaj\u0119\u0107 poinformowany zostaje nauczyciel prowadz\u0105cy zaj\u0119cia oraz wychowawca ucznia. Fakt przyj\u0119cia informacji do wiadomo\u015bci potwierdzaj\u0105 podpisem z\u0142o\u017conym na decyzji.<\/li>\n<li>Je\u017celi ucze\u0144 uzyskuje zwolnienie w trakcie roku szkolnego, a jego nieobecno\u015bci na lekcjach nie przekroczy\u0142y po\u0142owy wymaganego czasu i s\u0105 podstawy do wystawienia oceny, to w\u00f3wczas ucze\u0144 podlega klasyfikacji z danego przedmiotu.<\/li>\n<li>W przypadku zwolnienia ucznia z zaj\u0119\u0107 z wychowania fizycznego przez ca\u0142y semestr\u00a0w dokumentacji przebiegu nauczania zamiast oceny klasyfikacyjnej wpisuje si\u0119 \u201ezwolniony\u201d.<\/li>\n<li>Ucze\u0144 zwolniony z zaj\u0119\u0107 wychowania fizycznego ma obowi\u0105zek by\u0107 obecnym na tych zaj\u0119ciach. W\u00a0szczeg\u00f3lnych przypadkach, gdy lekcje te s\u0105 pierwszymi lub ostatnimi zaj\u0119ciami w danym dniu, ucze\u0144 mo\u017ce by\u0107 zwolniony z tego obowi\u0105zku na podstawie pisemnego o\u015bwiadczenia<sup>2<\/sup> rodzic\u00f3w (opiekun\u00f3w prawnych) z\u0142o\u017conego u nauczyciela wychowania fizycznego lub wychowawca klasy i po uzyskaniu zgody dyrektora szko\u0142y.<\/li>\n<li>Ucze\u0144 zwalniany z zaj\u0119\u0107 do domu ma odznaczane w dzienniku nieobecno\u015bci usprawiedliwione.<\/li>\n<li>Zawarte w za\u015bwiadczeniu lekarskim ewentualne ograniczenia, skutkuj\u0105ce zwolnieniem\u00a0z\u00a0wykonywania wybranej grupy \u0107wicze\u0144, nie s\u0105 podstaw\u0105 do zwolnienia ucznia z zaj\u0119\u0107 wychowania fizycznego. Takie za\u015bwiadczenie rodzic sk\u0142ada nauczycielowi wychowania fizycznego, kt\u00f3ry zobowi\u0105zany jest uwzgl\u0119dni\u0107 zalecenia lekarza w pracy z uczniem.<\/li>\n<\/ol>\n<p>Za\u0142\u0105czniki:<\/p>\n<ol>\n<li>wz\u00f3r podania<\/li>\n<li>wz\u00f3r o\u015bwiadczenia rodzic\u00f3w<\/li>\n<\/ol>\n<p>&nbsp;<\/p>\n<p><strong><em>wz\u00f3r podania: <\/em><\/strong><\/p>\n<p><strong>\u2026\u2026\u2026\u2026\u2026\u2026\u2026\u2026\u2026\u2026\u2026\u2026\u2026\u2026\u2026\u2026\u2026\u2026\u2026\u2026\u2026<\/strong><\/p>\n<p><em>\u00a0\u00a0\u00a0\u00a0\u00a0 Imi\u0119 i nazwisko opiekuna \/ rodzica\u00a0\u00a0\u00a0\u00a0\u00a0\u00a0 \u00a0\u00a0\u00a0\u00a0\u00a0\u00a0\u00a0\u00a0\u00a0\u00a0\u00a0\u00a0\u00a0\u00a0\u00a0\u00a0\u00a0\u00a0\u00a0\u00a0\u00a0\u00a0\u00a0\u00a0\u00a0\u00a0\u00a0\u00a0\u00a0\u00a0\u00a0\u00a0\u00a0\u00a0\u00a0\u00a0\u00a0\u00a0\u00a0\u00a0\u00a0\u00a0\u00a0\u00a0\u00a0\u00a0<\/em><\/p>\n<p><strong>\u2026\u2026\u2026\u2026\u2026\u2026\u2026\u2026\u2026\u2026\u2026\u2026\u2026\u2026\u2026\u2026\u2026\u2026\u2026\u2026\u2026<\/strong><\/p>\n<p><strong>\u2026\u2026\u2026\u2026\u2026\u2026\u2026\u2026\u2026\u2026\u2026\u2026\u2026\u2026\u2026\u2026\u2026\u2026\u2026\u2026\u2026.<\/strong><\/p>\n<p><em>\u00a0\u00a0\u00a0\u00a0\u00a0\u00a0\u00a0\u00a0\u00a0\u00a0\u00a0\u00a0\u00a0\u00a0\u00a0\u00a0\u00a0\u00a0\u00a0 Adres\/telefon<\/em><\/p>\n<p><em>\u00a0<\/em><\/p>\n<p style=\"text-align: right;\">Bierdzany, \u2026\u2026\u2026\u2026\u2026\u2026\u2026\u2026\u2026..<\/p>\n<p>&nbsp;<\/p>\n<p>Dyrektor<\/p>\n<p>Publicznej Szko\u0142y Podstawowej<\/p>\n<p>w Bierdzanach<\/p>\n<p><strong>\u00a0<\/strong><\/p>\n<p><strong>\u00a0<\/strong><\/p>\n<p style=\"text-align: center;\"><strong>PODANIE O ZWOLNIENIE <\/strong><\/p>\n<p style=\"text-align: center;\"><strong>Z ZAJ\u0118\u0106 WYCHOWANIA FIZYCZNEGO<\/strong><\/p>\n<p><strong>\u00a0<\/strong><\/p>\n<p>Prosz\u0119 o zwolnienie mojego syna\/c\u00f3rki \u2026\u2026\u2026\u2026\u2026\u2026\u2026\u2026\u2026\u2026\u2026\u2026 ur. \u2026\u2026\u2026\u2026\u2026\u2026\u2026\u2026\u2026\u2026\u2026\u2026\u2026\u2026.., ucznia\/uczennicy klasy \u2026\u2026\u2026\u2026\u2026\u2026 z\u00a0zaj\u0119\u0107 wychowania fizycznego w okresie od dnia \u2026\u2026\u2026\u2026\u2026\u2026\u2026\u2026\u2026.. do dnia \u2026\u2026\u2026\u2026\u2026\u2026\u2026\u2026\u2026&#8230; z\u00a0powodu \u2026\u2026\u2026\u2026\u2026\u2026\u2026\u2026\u2026\u2026\u2026\u2026\u2026\u2026\u2026\u2026..<\/p>\n<p>W za\u0142\u0105czeniu przedstawiam za\u015bwiadczenie lekarskie.<\/p>\n<p>&nbsp;<\/p>\n<p style=\"text-align: right;\">&#8230;&#8230;&#8230;&#8230;&#8230;&#8230;&#8230;&#8230;&#8230;&#8230;&#8230;&#8230;&#8230;&#8230;&#8230;&#8230;&#8230;&#8230;&#8230;&#8230;&#8230;&#8230;&#8230;&#8230;.<\/p>\n<p style=\"text-align: right;\">\u00a0\u00a0\u00a0\u00a0\u00a0\u00a0\u00a0\u00a0\u00a0\u00a0\u00a0\u00a0\u00a0\u00a0\u00a0\u00a0\u00a0\u00a0\u00a0\u00a0\u00a0\u00a0\u00a0\u00a0\u00a0\u00a0\u00a0\u00a0\u00a0\u00a0\u00a0\u00a0\u00a0\u00a0\u00a0\u00a0\u00a0\u00a0\u00a0\u00a0\u00a0\u00a0\u00a0\u00a0\u00a0\u00a0\u00a0\u00a0\u00a0 \u00a0\u00a0\u00a0\u00a0\u00a0\u00a0\u00a0\u00a0\u00a0\u00a0\u00a0\u00a0\u00a0\u00a0\u00a0\u00a0\u00a0\u00a0\u00a0\u00a0\u00a0\u00a0\u00a0\u00a0\u00a0\u00a0\u00a0\u00a0\u00a0\u00a0(podpis rodzica lub opiekuna)<\/p>\n<p><strong><em>\u00a0<\/em><\/strong><\/p>\n<p><strong><em>\u00a0<\/em><\/strong><\/p>\n<p><strong><em>wz\u00f3r o\u015bwiadczenia rodzic\u00f3w:<\/em><\/strong><\/p>\n<p><strong>\u2026\u2026\u2026\u2026\u2026\u2026\u2026\u2026\u2026\u2026\u2026\u2026\u2026\u2026\u2026\u2026\u2026\u2026\u2026\u2026\u2026<\/strong><\/p>\n<p><em>\u00a0\u00a0\u00a0\u00a0\u00a0 Imi\u0119 i nazwisko opiekuna \/ rodzica\u00a0\u00a0\u00a0\u00a0\u00a0\u00a0 \u00a0\u00a0\u00a0\u00a0\u00a0\u00a0\u00a0\u00a0\u00a0\u00a0\u00a0\u00a0\u00a0\u00a0\u00a0\u00a0\u00a0\u00a0\u00a0\u00a0\u00a0\u00a0\u00a0\u00a0\u00a0\u00a0\u00a0\u00a0\u00a0\u00a0\u00a0\u00a0\u00a0\u00a0\u00a0\u00a0\u00a0\u00a0\u00a0\u00a0\u00a0\u00a0\u00a0\u00a0\u00a0\u00a0<\/em><\/p>\n<p><strong>\u2026\u2026\u2026\u2026\u2026\u2026\u2026\u2026\u2026\u2026\u2026\u2026\u2026\u2026\u2026\u2026\u2026\u2026\u2026\u2026\u2026<\/strong><\/p>\n<p><strong>\u2026\u2026\u2026\u2026\u2026\u2026\u2026\u2026\u2026\u2026\u2026\u2026\u2026\u2026\u2026\u2026\u2026\u2026\u2026\u2026\u2026.<\/strong><\/p>\n<p><em>\u00a0\u00a0\u00a0\u00a0\u00a0\u00a0\u00a0\u00a0\u00a0\u00a0\u00a0\u00a0\u00a0\u00a0\u00a0\u00a0\u00a0\u00a0\u00a0 Adres\/telefon<\/em><\/p>\n<p><em>\u00a0<\/em><\/p>\n<p style=\"text-align: right;\">Bierdzany, \u2026\u2026\u2026\u2026\u2026\u2026\u2026\u2026\u2026..<\/p>\n<p>&nbsp;<\/p>\n<p>Dyrektor<\/p>\n<p>Publicznej Szko\u0142y Podstawowej<\/p>\n<p>w Bierdzanach<\/p>\n<p><strong>\u00a0<\/strong><\/p>\n<p>W zwi\u0105zku ze zwolnieniem syna\/ c\u00f3rki \u2026\u2026\u2026\u2026.\u2026\u2026\u2026\u2026\u2026\u2026\u2026\u2026\u2026.\u2026\u2026\u2026\u2026\u2026\u2026\u2026. ucz. kl. \u2026\u2026..\u00a0 w okresie od \u2026\u2026\u2026\u2026\u2026\u2026..\u2026\u2026\u2026 do \u2026\u2026\u2026.\u2026\u2026\u2026\u2026\u2026\u2026..\u2026. z zaj\u0119\u0107 wychowania fizycznego zwracam si\u0119 z pro\u015bb\u0105 o zwolnienie syna\/ c\u00f3rki z obowi\u0105zku obecno\u015bci na w\/w zaj\u0119ciach w dniach, gdy s\u0105 one na pierwszej\/ostatniej lekcji: \u2026\u2026\u2026\u2026\u2026.\u2026\u2026\u2026\u2026\u2026\u2026\u2026\u2026\u2026\u2026\u2026\u2026\u2026\u2026\u2026\u2026\u2026\u2026\u2026\u2026\u2026\u2026\u2026\u2026\u2026\u2026\u2026\u2026\u2026\u2026\u2026\u2026.<\/p>\n<p><em>\u00a0\u00a0\u00a0\u00a0\u00a0\u00a0\u00a0\u00a0\u00a0\u00a0\u00a0\u00a0\u00a0\u00a0\u00a0\u00a0\u00a0\u00a0\u00a0\u00a0\u00a0\u00a0\u00a0\u00a0\u00a0\u00a0\u00a0\u00a0(wypisa\u0107 dni tygodnia i godziny zaj\u0119\u0107)<\/em><\/p>\n<p>Bior\u0119 na siebie pe\u0142n\u0105 odpowiedzialno\u015b\u0107 prawn\u0105 za pobyt i bezpiecze\u0144stwo c\u00f3rki\/syna w tym czasie poza terenem szko\u0142y.<\/p>\n<p style=\"text-align: right;\">\u2026\u2026\u2026\u2026\u2026\u2026\u2026\u2026\u2026\u2026\u2026\u2026\u2026\u2026\u2026\u2026\u2026<\/p>\n<p style=\"text-align: right;\"><em>\u00a0\u00a0\u00a0\u00a0 (czytelny podpis rodzica)<\/em><\/p>\n<p><strong>\u00a0<\/strong><\/p>\n","protected":false},"excerpt":{"rendered":"<p>PROCEDURA UZYSKIWANIA ZWOLNIE\u0143\u00a0Z ZAJ\u0118\u0106 WYCHOWANIA FIZYCZNEGO w Publicznej Szkole Podstawowej w Bierdzanach Podstawa prawna: Paragraf 4 rozporz\u0105dzenia Ministra Edukacji Narodowej z dnia 22 lutego 2019 r. w sprawie oceniania, klasyfikowania i promowania uczni\u00f3w i s\u0142uchaczy w szko\u0142ach publicznych (Dz. U. z 2019 r. poz. 373) Statut \u00a0Publicznej Szko\u0142y Podstawowej w Bierdzanach Procedura post\u0119powania. W uzasadnionych &hellip; <\/p>\n<p class=\"link-more\"><a href=\"https:\/\/zspbierdzany.pl\/index.php\/procedura-uzyskiwania-zwolnien-z-zajec-wychowania-fizycznego\/\" class=\"more-link\">Czytaj dalej<span class=\"screen-reader-text\"> PROCEDURA UZYSKIWANIA ZWOLNIE\u0143\u00a0Z ZAJ\u0118\u0106 WYCHOWANIA FIZYCZNEGO<\/span><\/a><\/p>\n","protected":false},"author":2,"featured_media":0,"parent":0,"menu_order":0,"comment_status":"closed","ping_status":"closed","template":"","meta":{"footnotes":""},"_links":{"self":[{"href":"https:\/\/zspbierdzany.pl\/index.php\/wp-json\/wp\/v2\/pages\/1037"}],"collection":[{"href":"https:\/\/zspbierdzany.pl\/index.php\/wp-json\/wp\/v2\/pages"}],"about":[{"href":"https:\/\/zspbierdzany.pl\/index.php\/wp-json\/wp\/v2\/types\/page"}],"author":[{"embeddable":true,"href":"https:\/\/zspbierdzany.pl\/index.php\/wp-json\/wp\/v2\/users\/2"}],"replies":[{"embeddable":true,"href":"https:\/\/zspbierdzany.pl\/index.php\/wp-json\/wp\/v2\/comments?post=1037"}],"version-history":[{"count":1,"href":"https:\/\/zspbierdzany.pl\/index.php\/wp-json\/wp\/v2\/pages\/1037\/revisions"}],"predecessor-version":[{"id":1038,"href":"https:\/\/zspbierdzany.pl\/index.php\/wp-json\/wp\/v2\/pages\/1037\/revisions\/1038"}],"wp:attachment":[{"href":"https:\/\/zspbierdzany.pl\/index.php\/wp-json\/wp\/v2\/media?parent=1037"}],"curies":[{"name":"wp","href":"https:\/\/api.w.org\/{rel}","templated":true}]}}