{"id":2971,"date":"2023-02-21T15:33:07","date_gmt":"2023-02-21T15:33:07","guid":{"rendered":"https:\/\/zspbierdzany.pl\/?page_id=2971"},"modified":"2026-02-27T22:13:58","modified_gmt":"2026-02-27T22:13:58","slug":"regulamin-rekrutacji-dzieci-do-przedszkola-w-zespole-szkolno-przedszkolnym-w-bierdzanach","status":"publish","type":"page","link":"https:\/\/zspbierdzany.pl\/index.php\/regulamin-rekrutacji-dzieci-do-przedszkola-w-zespole-szkolno-przedszkolnym-w-bierdzanach\/","title":{"rendered":"Regulamin Rekrutacji dzieci  do Przedszkola w Zespole Szkolno-Przedszkolnym w Bierdzanach."},"content":{"rendered":"<p><strong>Regulamin Rekrutacji dzieci <\/strong><\/p>\n<p><strong>do Przedszkola w Zespole Szkolno-Przedszkolnym w Bierdzanach.<\/strong><\/p>\n<p>Podstawa prawna: Ustawa z dnia 6 grudnia 2013r. o zmianie ustawy o systemie o\u015bwiaty oraz niekt\u00f3rych innych ustaw (Dz. U. 2014 poz.7), Ustawa z dnia 29 grudnia 2015 r o zmianie ustawy o systemie o\u015bwiaty oraz niekt\u00f3rych innych ustaw (Dz. U. 2016 poz. 35)<\/p>\n<p><strong>I. Tok post\u0119powania rekrutacyjnego.<\/strong><\/p>\n<ol>\n<li>Rekrutacja do przedszkola odbywa si\u0119 na zasadzie powszechnej dost\u0119pno\u015bci.<\/li>\n<li><strong>Regulamin rekrutacji stosuje si\u0119, gdy liczba dzieci zg\u0142oszonych do przedszkola przekracza liczb\u0119 miejsc w przedszkolu.<\/strong><\/li>\n<li>Do przedszkola przyjmowane s\u0105 dzieci w wieku od 3 do 6 lat zamieszka\u0142e na terenie Gminy Turawa.<\/li>\n<li>Dziecko w wieku 6 lat jest obowi\u0105zane odby\u0107 roczne przygotowanie przedszkolne.<\/li>\n<li>Dziecku w wieku 3-5 lat przedszkole zapewnia prawo do korzystania z wychowania przedszkolnego<\/li>\n<\/ol>\n<ol start=\"6\">\n<li>Rekrutacja dzieci na nast\u0119pny rok szkolny trwa od 3 do 14 marca 2025 r. szczeg\u00f3\u0142owy harmonogram naboru dzieci do przedszkola stanowi za\u0142\u0105cznik nr 1 do niniejszego regulaminu.<\/li>\n<\/ol>\n<ol start=\"7\">\n<li>Rodzice zg\u0142aszaj\u0105 dziecko do przedszkola wype\u0142niaj\u0105c druki:<\/li>\n<\/ol>\n<ul>\n<li><strong>WNIOSEK O PRZYJ\u0118CIE DZIECKA DO PRZEDSZKOLA W ZESPOLE SZKOLNO-PRZEDSZKOLNYM W BIERDZANACH (DZIECI NOWE),<\/strong><\/li>\n<li><strong>&#8211; \u00a0DEKLARACJA KONTYNUOWANIA WYCHOWANIA PRZEDSZKOLNEGO <\/strong><strong>W PRZEDSZKOLU ZESPO\u0141U SZKOLNO-PRZEDSZKOLNEGO W BIERDZANACH\u00a0 (dzieci ju\u017c ucz\u0119szczaj\u0105ce do przedszkola).<\/strong><\/li>\n<\/ul>\n<ol start=\"8\">\n<li>Rodzice do wniosku do\u0142\u0105czaj\u0105 dokumenty:<\/li>\n<\/ol>\n<p>&#8211; potwierdzaj\u0105ce orzeczenie o potrzebie kszta\u0142cenia specjalnego wydane ze wzgl\u0119du na niepe\u0142nosprawno\u015b\u0107,<\/p>\n<p>&#8211; potwierdzaj\u0105ce orzeczenie o niepe\u0142nosprawno\u015bci lub o stopniu niepe\u0142nosprawno\u015bci,<\/p>\n<p>&#8211; potwierdzaj\u0105ce obj\u0119cie dziecka piecz\u0105 zast\u0119pcz\u0105,<\/p>\n<p>&#8211; o\u015bwiadczenie o samotnym wychowywaniu dziecka oraz o niewychowywaniu dziecka wsp\u00f3lnie z jego rodzicem,<\/p>\n<p>&#8211; o\u015bwiadczenie o rodzinie wielodzietnej.<\/p>\n<ol start=\"9\">\n<li>Rekrutacj\u0119 przeprowadza Komisja Rekrutacyjna powo\u0142ana przez dyrektora zespo\u0142u. Dyrektor wyznacza przewodnicz\u0105cego komisji rekrutacyjnej.<\/li>\n<li>Og\u0142oszenie wynik\u00f3w rekrutacji nast\u0119puje poprzez wywieszenie w przedszkolu list dzieci zakwalifikowanych i niezakwalifikowanych.<\/li>\n<li>Wniosek o przyj\u0119cie dziecka do przedszkola mo\u017ce by\u0107 z\u0142o\u017cony do nie wi\u0119cej ni\u017c trzech wybranych publicznych przedszkoli. We wniosku okre\u015bla si\u0119 kolejno\u015b\u0107 wybranych przedszkoli w porz\u0105dku od najbardziej do najmniej preferowanych.<\/li>\n<li>Post\u0119powanie komisji rekrutacyjnej jest jawne.<\/li>\n<\/ol>\n<p><strong>\u00a0<\/strong><strong>II. <\/strong><strong>ZASADY POST\u0118POWANIA REKRUTACYJNEGO.<\/strong><\/p>\n<ol>\n<li>W przypadku wi\u0119kszej liczby kandydat\u00f3w, ni\u017c liczba miejsc, na pierwszym etapie post\u0119powania rekrutacyjnego s\u0105 brane pod uwag\u0119 nast\u0119puj\u0105ce kryteria maj\u0105ce jednakow\u0105 warto\u015b\u0107:<\/li>\n<\/ol>\n<p>a) wielodzietno\u015b\u0107 rodziny kandydata,<\/p>\n<p>b) niepe\u0142nosprawno\u015b\u0107 kandydata,<\/p>\n<p>c) niepe\u0142nosprawno\u015b\u0107 jednego z rodzic\u00f3w kandydata,<\/p>\n<p>d) niepe\u0142nosprawno\u015b\u0107 obojga rodzic\u00f3w kandydata,<\/p>\n<p>e) niepe\u0142nosprawno\u015b\u0107 rodze\u0144stwa kandydata,<\/p>\n<p>f) samotne wychowywanie kandydata w rodzinie,<\/p>\n<p>g) obj\u0119cie kandydata piecz\u0105 zast\u0119pcz\u0105.<\/p>\n<p>2.\u00a0 W przypadku r\u00f3wnorz\u0119dnych wynik\u00f3w uzyskanych na pierwszym etapie post\u0119powania rekrutacyjnego, je\u017celi przedszkole nadal dysponuje wolnymi miejscami brane s\u0105 pod uwag\u0119 kryteria dodatkowe.<\/p>\n<p><strong>III. ZADANIA KOMISJI REKRUTACYJNEJ<\/strong><\/p>\n<ol>\n<li>Ustalenie wynik\u00f3w post\u0119powania rekrutacyjnego i podanie do publicznej wiadomo\u015bci listy kandydat\u00f3w zakwalifikowanych i kandydat\u00f3w niezakwalifikowanych do przedszkola wraz z podaniem uzyskanej przez kandydat\u00f3w liczby punkt\u00f3w lub informacji o liczbie wolnych miejsc.<\/li>\n<li>Sporz\u0105dzenie listy o kt\u00f3rej mowa w ust.1 i podanie jej do publicznej wiadomo\u015bci poprzez umieszczenie w widocznym miejscu w siedzibie przedszkola. Lista zawiera imiona i nazwiska dzieci uszeregowane w kolejno\u015bci alfabetycznej.<\/li>\n<li>Dzie\u0144 podania do publicznej wiadomo\u015bci listy, o kt\u00f3rej mowa w ust.1 i 2 jest okre\u015blony w formie adnotacji urz\u0119dowej na tej li\u015bcie, opatrzonej podpisem przewodnicz\u0105cego komisji rekrutacyjnej.<\/li>\n<li>Rodzice kandydat\u00f3w, kt\u00f3rzy wskazali wi\u0119cej ni\u017c jedno przedszkole &#8211; uzyskaj\u0105 informacj\u0119 o wynikach rekrutacji w plac\u00f3wce wskazanej przez nich jako pierwszej.<\/li>\n<li>Je\u017celi po przeprowadzeniu post\u0119powania rekrutacyjnego przedszkole dysponuje wolnymi miejscami, dyrektor przedszkola przeprowadza post\u0119powanie uzupe\u0142niaj\u0105ce.<\/li>\n<\/ol>\n<p><strong>\u00a0IV. <\/strong><strong>ZADANIA DYREKTORA<\/strong><\/p>\n<ol>\n<li>Powo\u0142anie komisji rekrutacyjnej i wyznaczenie przewodnicz\u0105cego komisji.<\/li>\n<li>Wywieszenie og\u0142oszenia o rekrutacji, harmonogramu rekrutacji i niniejszego regulaminu.<\/li>\n<li>Wydawanie i przyjmowanie wniosk\u00f3w zg\u0142osze\u0144 do przedszkola.<\/li>\n<li>Sprawdzenie kompletno\u015bci wniosk\u00f3w pod wzgl\u0119dem formalnym i rzeczowym.<\/li>\n<li>Wywieszenie listy kandydat\u00f3w zakwalifikowanych i niezakwalifikowanych do przedszkola oraz informacj\u0119 o liczbie wolnych miejsc.<\/li>\n<\/ol>\n<p><strong>\u00a0 V. ZADANIA PRZEWODNICZ\u0104CEGO KOMISJI REKRUTACYJNEJ<\/strong><\/p>\n<ol>\n<li>Kierowanie pracami komisji zgodnie z przepisami prawa i post\u0119powaniami niniejszego regulaminu.<\/li>\n<li>Zapoznanie komisji z wykazem wolnych miejsc organizacyjnych w plac\u00f3wce.<\/li>\n<li>Zapoznanie komisji z wykazem zg\u0142osze\u0144 dzieci do przedszkola.<\/li>\n<li>Zapoznanie komisji z zasadami rekrutacji dzieci do przedszkola.<\/li>\n<li>Nadzorowanie pod wzgl\u0119dem merytorycznym prawid\u0142owo\u015bci sporz\u0105dzania dokumentacji przez komisj\u0119, w tym:<\/li>\n<\/ol>\n<p>a) protoko\u0142owania posiedzenia w czasie jego trwania,<\/p>\n<p>b) z\u0142o\u017cenia podpis\u00f3w w protokole przez cz\u0142onk\u00f3w komisji,<\/p>\n<p>c) sporz\u0105dzenia list kandydat\u00f3w zakwalifikowanych i niezakwalifikowanych do przedszkola oraz informacj\u0119 o liczbie wolnych miejsc.<\/p>\n<p>d) ustalenie \u00a0daty\u00a0podania do publicznej wiadomo\u015bci listy opatrzonej podpisem przewodnicz\u0105cego komisji rekrutacyjnej.<\/p>\n<p><strong>VI. PROCEDURA ODWO\u0141AWCZA<\/strong><\/p>\n<ol>\n<li>W terminie 7 dni od dnia podania do publicznej wiadomo\u015bci listy kandydat\u00f3w przyj\u0119tych i kandydat\u00f3w nieprzyj\u0119tych rodzic kandydata mo\u017ce wyst\u0105pi\u0107 do komisji rekrutacyjnej z wnioskiem o sporz\u0105dzenie uzasadnienia odmowy przyj\u0119cia kandydata do danego przedszkola.(Art.158 ust.6 Prawo o\u015bwiatowe)<\/li>\n<li>Uzasadnienie sporz\u0105dza si\u0119 w terminie 5 dni od dnia wyst\u0105pienia rodzica kandydata z wnioskiem do komisji rekrutacyjnej. Uzasadnienie zawiera przyczyny odmowy przyj\u0119cia dziecka do przedszkola. (art. 158 ust.7 Prawo O\u015bwiatowe )<\/li>\n<li>Rodzic\u00a0kandydata mo\u017ce wnie\u015b\u0107 do dyrektora przedszkola odwo\u0142anie od rozstrzygni\u0119cia komisji rekrutacyjnej, w terminie 7 dni od dnia otrzymania uzasadnienia. (Art. 158 ust. 8 Prawo O\u015bwiatowe )<\/li>\n<li>Dyrektor przedszkola rozpatruje odwo\u0142anie od rozstrzygni\u0119cia komisji rekrutacyjnej\u00a0w terminie 7 dni od dnia otrzymania odwo\u0142ania.\u00a0Na rozstrzygni\u0119cie dyrektora przedszkola s\u0142u\u017cy skarga\u00a0do S\u0105du Administracyjnego. (Art. 158. ust.9 Prawo O\u015bwiatowe ).<\/li>\n<\/ol>\n<p>&nbsp;<\/p>\n<div class=\"block-text block__text group\">\n<div class=\"d-block text-center\" style=\"text-align: center;\">ZARZ\u0104DZENIE Nr OR.0050.12.2026<br \/>\nW\u00d3JTA GMINY TURAWA<br \/>\nz dnia 21 stycznia 2026 r.<\/div>\n<div class=\"d-block text-center\">w sprawie termin\u00f3w przeprowadzania post\u0119powania rekrutacyjnego i post\u0119powania uzupe\u0142niaj\u0105cego, w tym termin\u00f3w sk\u0142adania dokument\u00f3w, na rok szkolny 2026\/2027 do publicznych przedszkoli i oddzia\u0142\u00f3w przedszkolnych w szko\u0142ach podstawowych, dla kt\u00f3rych Gmina Turawa jest organem prowadz\u0105cym.<\/div>\n<p data-block-key=\"76kri\">Na podstawie art. 154 ust. 1 pkt 1 w zwi\u0105zku z art. 29 ust. 2 pkt. 2 ustawy z dnia 14 grudnia 2016 r. \u2013 Prawo o\u015bwiatowe (t.j. Dz. U. z 2025 r. poz. 1043 z p\u00f3\u017an. zm.) zarz\u0105dzam, co nast\u0119puje:<\/p>\n<p data-block-key=\"5ad02\">\u00a7 1. Ustala si\u0119 nast\u0119puj\u0105ce terminy post\u0119powania rekrutacyjnego i post\u0119powania uzupe\u0142niaj\u0105cego, w tym terminy sk\u0142adania dokument\u00f3w na rok szkolny 2026\/2027 do publicznych przedszkoli i oddzia\u0142\u00f3w przedszkolnych w szko\u0142ach podstawowych, dla kt\u00f3rych Gmina Turawa jest organem prowadz\u0105cym:<\/p>\n<\/div>\n<div class=\"table\">\n<div class=\"colheaders\" tabindex=\"0\" role=\"region\" aria-labelledby=\"HeadersRow-ec1c4348-33eb-4fea-8a40-3aae8538258c\">\n<table id=\"HeadersRow-ec1c4348-33eb-4fea-8a40-3aae8538258c\" class=\"tb-block\">\n<thead class=\"thead-block\">\n<tr>\n<th class=\"th-block\" scope=\"col\">Lp.<\/th>\n<th class=\"th-block\" scope=\"col\">Rodzaj czynno\u015bci<\/th>\n<th class=\"th-block\" scope=\"col\">Termin w<br \/>\npost\u0119powaniu rekrutacyjnym<\/th>\n<th class=\"th-block\" scope=\"col\">Termin w<br \/>\npost\u0119powaniu uzupe\u0142niaj\u0105cym<\/th>\n<\/tr>\n<\/thead>\n<tbody class=\"tbody-block\">\n<tr>\n<th class=\"th-block\" scope=\"row\">1.<\/th>\n<td class=\"td-block\">Sk\u0142adanie deklaracji przez rodzic\u00f3w dzieci ucz\u0119szczaj\u0105cych do przedszkola\/oddzia\u0142u przedszkolnego w szkole podstawowej o kontynuowaniu wychowania przedszkolnego w roku szkolnym 2026\/2027<\/td>\n<td class=\"td-block\">od 02 marca 2026 r.<br \/>\ndo 13 marca 2026 r.<\/td>\n<td class=\"td-block\">nie dotyczy<\/td>\n<\/tr>\n<tr>\n<th class=\"th-block\" scope=\"row\">2.<\/th>\n<td class=\"td-block\">Z\u0142o\u017cenie wniosku o przyj\u0119cie do przedszkola\/oddzia\u0142u przedszkolnego w szkole podstawowej wraz z dokumentami potwierdzaj\u0105cymi spe\u0142nienie przez kandydata kryteri\u00f3w branych pod uwag\u0119 w post\u0119powaniu rekrutacyjnym<\/td>\n<td class=\"td-block\">od 02 marca 2026 r.<br \/>\ndo 13 marca 2026 r.<\/td>\n<td class=\"td-block\">od 01.06.2026 r.<br \/>\ndo 08.062026 r.<\/td>\n<\/tr>\n<tr>\n<th class=\"th-block\" scope=\"row\">3.<\/th>\n<td class=\"td-block\">Weryfikacja przez komisj\u0119 rekrutacyjn\u0105 wniosk\u00f3w o przyj\u0119cie do przedszkola\/oddzia\u0142u przedszkolnego w szkole podstawowej i dokument\u00f3w potwierdzaj\u0105cych spe\u0142nienie przez kandydata\u00a0 kryteri\u00f3w branych pod uwag\u0119 w post\u0119powaniu rekrutacyjnym, w tym dokonanie czynno\u015bci, o kt\u00f3rych mowa w art. 150 ust. 7 ustawy Prawo o\u015bwiatowe<\/td>\n<td class=\"td-block\">do 20 marca 2026 r.<\/td>\n<td class=\"td-block\">do 15.06.2026 r<\/td>\n<\/tr>\n<tr>\n<th class=\"th-block\" scope=\"row\">4.<\/th>\n<td class=\"td-block\">Podanie do publicznej wiadomo\u015bci przez komisj\u0119 rekrutacyjn\u0105 listy kandydat\u00f3w zakwalifikowanych i kandydat\u00f3w niezakwalifikowanych<\/td>\n<td class=\"td-block\">do 25 marca 2026 r. do godziny 15.00<\/td>\n<td class=\"td-block\">do 16.06.2026 r.\u00a0 \u00a0 \u00a0 \u00a0 do godziny 15.00<\/td>\n<\/tr>\n<tr>\n<th class=\"th-block\" scope=\"row\">5.<\/th>\n<td class=\"td-block\">Potwierdzenie przez rodzic\u00f3w\u00a0kandydata woli przyj\u0119cia w postaci pisemnego o\u015bwiadczenia<\/td>\n<td class=\"td-block\">od 26 marca 2026 r.<br \/>\ndo 03 kwietnia 2026r.<br \/>\ndo godziny 15.00<\/td>\n<td class=\"td-block\">od 17.03.2026 r.<br \/>\ndo 26.06. 2026 r.<br \/>\ndo godziny 15.00<\/td>\n<\/tr>\n<tr>\n<th class=\"th-block\" scope=\"row\">6.<\/th>\n<td class=\"td-block\">Podanie do publicznej wiadomo\u015bci przez komisj\u0119 rekrutacyjn\u0105 listy kandydat\u00f3w przyj\u0119tych i kandydat\u00f3w nieprzyj\u0119tych w post\u0119powaniu rekrutacyjnym<\/td>\n<td class=\"td-block\">07 kwietnia 2026 r.<br \/>\ndo godziny 15.00<\/td>\n<td class=\"td-block\">29.06.2026 r.<br \/>\ndo godziny 15.00<\/td>\n<\/tr>\n<tr>\n<th class=\"th-block\" scope=\"row\">7.<\/th>\n<td class=\"td-block\">Potwierdzenie przez rodzic\u00f3w woli ucz\u0119szczania kandydat\u00f3w do wskazanego przez W\u00f3jta Gminy Turawa przedszkola\/oddzia\u0142u przedszkolnego w szkole podstawowej<\/td>\n<td class=\"td-block\">od 08 kwietnia 2026r.<br \/>\ndo 15 kwietnia 2026r.<br \/>\ndo godziny 15.00<\/td>\n<td class=\"td-block\">nie dotyczy<\/td>\n<\/tr>\n<tr>\n<th class=\"th-block\" scope=\"row\">8.<\/th>\n<td class=\"td-block\">Podanie do publicznej wiadomo\u015bci przez komisj\u0119 rekrutacyjn\u0105 listy kandydat\u00f3w przyj\u0119tych do wyznaczonego przedszkola\/oddzia\u0142u przedszkolnego w szkole podstawowej<\/td>\n<td class=\"td-block\">22 kwietnia 2026 r.<\/td>\n<td class=\"td-block\">nie dotyczy<\/td>\n<\/tr>\n<\/tbody>\n<\/table>\n<p>&nbsp;<\/p>\n<\/div>\n<\/div>\n<div class=\"block-text block__text group\">\n<p data-block-key=\"4leu9\">Zobowi\u0105zuje si\u0119 dyrektor\u00f3w publicznych przedszkoli i szk\u00f3\u0142 podstawowych z oddzia\u0142ami przedszkolnymi, dla kt\u00f3rych Gmina Turawa jest organem prowadz\u0105cym, do przeprowadzenia post\u0119powania rekrutacyjnego i post\u0119powania uzupe\u0142niaj\u0105cego do publicznych przedszkoli i oddzia\u0142\u00f3w przedszkolnych w szko\u0142ach podstawowych zgodnie z powy\u017cszymi terminami.<\/p>\n<p data-block-key=\"7n625\">Wykonanie zarz\u0105dzenia powierza si\u0119 Dyrektorowi Gminnego Zespo\u0142u Ekonomiczno-Administracyjnego Szk\u00f3\u0142 w Turawie.<\/p>\n<p data-block-key=\"fefg4\">Zarz\u0105dzenie wchodzi w \u017cycie z dniem podpisania.<\/p>\n<div class=\"d-block text-right\" style=\"text-align: right;\">W\u00f3jt Gminy Turawa<br \/>\n\/-\/ Dominik Pikos<\/div>\n<\/div>\n<p style=\"text-align: left;\">Wnioski rekrutacyjne:<\/p>\n<ul>\n<li><a href=\"http:\/\/zspbierdzany.oswiata-turawa.pl\/35\/58\/wnioski-rekrutacyjne.html\">Wniosek o przyj\u0119cie dziecka do przedszkola w Zespole Szkolno-Przedszkolnym w Bierdzanach (dzieci nowe),<\/a><\/li>\n<li><a href=\"http:\/\/zspbierdzany.oswiata-turawa.pl\/35\/58\/wnioski-rekrutacyjne.html\">Deklaracja kontynuowania wychowania przedszkolnego\u00a0w przedszkolu Zespo\u0142u Szkolno-Przedszkolnego w Bierdzanach\u00a0 (dzieci ju\u017c ucz\u0119szczaj\u0105ce do przedszkola).<\/a><\/li>\n<\/ul>\n","protected":false},"excerpt":{"rendered":"<p>Regulamin Rekrutacji dzieci do Przedszkola w Zespole Szkolno-Przedszkolnym w Bierdzanach. Podstawa prawna: Ustawa z dnia 6 grudnia 2013r. o zmianie ustawy o systemie o\u015bwiaty oraz niekt\u00f3rych innych ustaw (Dz. U. 2014 poz.7), Ustawa z dnia 29 grudnia 2015 r o zmianie ustawy o systemie o\u015bwiaty oraz niekt\u00f3rych innych ustaw (Dz. U. 2016 poz. 35) I. &hellip; <\/p>\n<p class=\"link-more\"><a href=\"https:\/\/zspbierdzany.pl\/index.php\/regulamin-rekrutacji-dzieci-do-przedszkola-w-zespole-szkolno-przedszkolnym-w-bierdzanach\/\" class=\"more-link\">Czytaj dalej<span class=\"screen-reader-text\"> Regulamin Rekrutacji dzieci  do Przedszkola w Zespole Szkolno-Przedszkolnym w Bierdzanach.<\/span><\/a><\/p>\n","protected":false},"author":2,"featured_media":0,"parent":0,"menu_order":0,"comment_status":"closed","ping_status":"closed","template":"","meta":{"footnotes":""},"_links":{"self":[{"href":"https:\/\/zspbierdzany.pl\/index.php\/wp-json\/wp\/v2\/pages\/2971"}],"collection":[{"href":"https:\/\/zspbierdzany.pl\/index.php\/wp-json\/wp\/v2\/pages"}],"about":[{"href":"https:\/\/zspbierdzany.pl\/index.php\/wp-json\/wp\/v2\/types\/page"}],"author":[{"embeddable":true,"href":"https:\/\/zspbierdzany.pl\/index.php\/wp-json\/wp\/v2\/users\/2"}],"replies":[{"embeddable":true,"href":"https:\/\/zspbierdzany.pl\/index.php\/wp-json\/wp\/v2\/comments?post=2971"}],"version-history":[{"count":8,"href":"https:\/\/zspbierdzany.pl\/index.php\/wp-json\/wp\/v2\/pages\/2971\/revisions"}],"predecessor-version":[{"id":4935,"href":"https:\/\/zspbierdzany.pl\/index.php\/wp-json\/wp\/v2\/pages\/2971\/revisions\/4935"}],"wp:attachment":[{"href":"https:\/\/zspbierdzany.pl\/index.php\/wp-json\/wp\/v2\/media?parent=2971"}],"curies":[{"name":"wp","href":"https:\/\/api.w.org\/{rel}","templated":true}]}}