{"id":4124,"date":"2024-02-17T13:14:02","date_gmt":"2024-02-17T13:14:02","guid":{"rendered":"https:\/\/zspbierdzany.pl\/?page_id=4124"},"modified":"2026-02-27T19:48:51","modified_gmt":"2026-02-27T19:48:51","slug":"rekrutacja-dzieci-do-szkoly-w-zespole-szkolno-przedszkolnym-w-bierdzanach","status":"publish","type":"page","link":"https:\/\/zspbierdzany.pl\/index.php\/rekrutacja-dzieci-do-szkoly-w-zespole-szkolno-przedszkolnym-w-bierdzanach\/","title":{"rendered":"Rekrutacja dzieci  do Szko\u0142y w Zespole Szkolno-Przedszkolnym w Bierdzanach."},"content":{"rendered":"<p>&nbsp;<\/p>\n<div class=\"main ordinary wrapper wrapper-md\">\n<div class=\"block-text block__text group\">\n<div class=\"d-block text-center\" style=\"text-align: center;\">ZARZ\u0104DZENIE Nr OR.0050.11.2026<br \/>\nW\u00d3JTA GMINY TURAWA<br \/>\nz dnia 21 stycznia 2026 r.<\/div>\n<div class=\"d-block text-center\">w sprawie termin\u00f3w przeprowadzania post\u0119powania rekrutacyjnego i post\u0119powania uzupe\u0142niaj\u0105cego, w tym termin\u00f3w sk\u0142adania dokument\u00f3w, na rok szkolny 2026\/2027 do klas I publicznych szk\u00f3\u0142 podstawowych, dla kt\u00f3rych Gmina Turawa jest organem prowadz\u0105cym.<\/div>\n<p data-block-key=\"76kri\">Na podstawie art. 154 ust. 1 pkt 1 w zwi\u0105zku z art. 29 ust. 2 pkt. 2 ustawy z dnia 14 grudnia 2016 r. &#8211; Prawo o\u015bwiatowe (t.j. Dz. U. z 2024 r. poz. 737 z p\u00f3\u017an. zm.) zarz\u0105dzam, co nast\u0119puje:<\/p>\n<p data-block-key=\"5ad02\">\u00a7 1. Ustala si\u0119 nast\u0119puj\u0105ce terminy post\u0119powania rekrutacyjnego i post\u0119powania uzupe\u0142niaj\u0105cego, w tym terminy sk\u0142adania dokument\u00f3w na rok szkolny 2026\/2027 do klas I publicznych szk\u00f3\u0142 podstawowych, dla kt\u00f3rych Gmina Turawa jest organem prowadz\u0105cym:<\/p>\n<\/div>\n<div class=\"table\">\n<div class=\"colheaders\" tabindex=\"0\" role=\"region\" aria-labelledby=\"HeadersRow-ec1c4348-33eb-4fea-8a40-3aae8538258c\">\n<table id=\"HeadersRow-ec1c4348-33eb-4fea-8a40-3aae8538258c\" class=\"tb-block\">\n<thead class=\"thead-block\">\n<tr>\n<th class=\"th-block\" scope=\"col\">Lp.<\/th>\n<th class=\"th-block\" scope=\"col\">Rodzaj czynno\u015bci<\/th>\n<th class=\"th-block\" scope=\"col\">Termin w<br \/>\npost\u0119powaniu rekrutacyjnym<\/th>\n<th class=\"th-block\" scope=\"col\">Termin w<br \/>\npost\u0119powaniu uzupe\u0142niaj\u0105cym<\/th>\n<\/tr>\n<\/thead>\n<tbody class=\"tbody-block\">\n<tr>\n<th class=\"th-block\" scope=\"row\">1.<\/th>\n<td class=\"td-block\">Z\u0142o\u017cenie wniosku o przyj\u0119cie do szko\u0142y<br \/>\nwraz z dokumentami potwierdzaj\u0105cymi spe\u0142nienie przez kandydata warunk\u00f3w lub kryteri\u00f3w branych pod uwag\u0119 w post\u0119powaniu rekrutacyjnym<\/td>\n<td class=\"td-block\">od 02 marca 2026 r.<br \/>\ndo 13 marca 2026 r.<br \/>\ndo godziny 15.00<\/td>\n<td class=\"td-block\">od 22 kwietnia 2026 r.<br \/>\ndo 29 kwietnia 2026 r.<br \/>\ndo godziny 15.00<\/td>\n<\/tr>\n<tr>\n<th class=\"th-block\" scope=\"row\">2.<\/th>\n<td class=\"td-block\">Weryfikacja przez komisj\u0119 rekrutacyjn\u0105<br \/>\nwniosk\u00f3w o przyj\u0119cie do szko\u0142y i dokument\u00f3w potwierdzaj\u0105cych spe\u0142nienie przez kandydata warunk\u00f3w lub kryteri\u00f3w branych pod uwag\u0119 w post\u0119powaniu rekrutacyjnym<\/td>\n<td class=\"td-block\">do 20 marca 2026 r.<\/td>\n<td class=\"td-block\">do 08 maja 2026 r<\/td>\n<\/tr>\n<tr>\n<th class=\"th-block\" scope=\"row\">3.<\/th>\n<td class=\"td-block\">Podanie do publicznej wiadomo\u015bci przez<br \/>\nkomisj\u0119 rekrutacyjn\u0105 listy kandydat\u00f3w zakwalifikowanych i kandydat\u00f3w niezakwalifikowanych<\/td>\n<td class=\"td-block\">25 marca 2026 r.<br \/>\ndo godziny 15.00<\/td>\n<td class=\"td-block\">12 maja 2026 r.<br \/>\ndo godziny 15.00<\/td>\n<\/tr>\n<tr>\n<th class=\"th-block\" scope=\"row\">4.<\/th>\n<td class=\"td-block\">Potwierdzenie przez rodzica\/prawnego<br \/>\nopiekuna kandydata woli przyj\u0119cia w postaci pisemnego o\u015bwiadczenia<\/td>\n<td class=\"td-block\">od 26 marca 2026 r.<br \/>\ndo 01 kwietnia 2026 r.<br \/>\ndo godziny 15.00<\/td>\n<td class=\"td-block\">od 13 maja 2026 r.<br \/>\ndo 20 maja 2026 r.<br \/>\ndo godziny 15.00<\/td>\n<\/tr>\n<tr>\n<th class=\"th-block\" scope=\"row\">5.<\/th>\n<td class=\"td-block\">Podanie do publicznej wiadomo\u015bci przez<br \/>\nkomisj\u0119 rekrutacyjn\u0105 listy kandydat\u00f3w zakwalifikowanych i kandydat\u00f3w niezakwalifikowanych<\/td>\n<td class=\"td-block\">09 kwietnia 2026 r.<br \/>\ndo godziny 15.00<\/td>\n<td class=\"td-block\">22 maja 2026 r.<br \/>\ndo godziny 15.00<\/td>\n<\/tr>\n<\/tbody>\n<\/table>\n<\/div>\n<\/div>\n<div class=\"block-text block__text group\">\n<p data-block-key=\"4leu9\">Zobowi\u0105zuje si\u0119 dyrektor\u00f3w publicznych szk\u00f3\u0142 podstawowych, dla kt\u00f3rych Gmina Turawa jest organem prowadz\u0105cym, do przeprowadzenia post\u0119powania rekrutacyjnego i post\u0119powania uzupe\u0142niaj\u0105cego do klas I publicznych szk\u00f3\u0142 podstawowych zgodnie z powy\u017cszymi terminami.<\/p>\n<p data-block-key=\"7n625\">Wykonanie zarz\u0105dzenia powierza si\u0119 Dyrektorowi Gminnego Zespo\u0142u Ekonomiczno-Administracyjnego Szk\u00f3\u0142 w Turawie.<\/p>\n<p data-block-key=\"fefg4\">Zarz\u0105dzenie wchodzi w \u017cycie z dniem podpisania.<\/p>\n<div class=\"d-block text-right\" style=\"text-align: right;\">W\u00f3jt Gminy Turawa<br \/>\n\/-\/ Dominik Pikos<\/div>\n<div>\n<pre data-block-key=\"8zddl\">Dokumenty do pobrania:<\/pre>\n<\/div>\n<ol>\n<li><a href=\"http:\/\/zspbierdzany.oswiata-turawa.pl\/35\/58\/wnioski-rekrutacyjne.html\">Karta zg\u0142oszeniowa 2026\/2027<\/a><\/li>\n<li><a href=\"http:\/\/zspbierdzany.oswiata-turawa.pl\/35\/58\/wnioski-rekrutacyjne.html\">Wniosek o nauk\u0119 j\u0119zyka niemieckiego \u00a0jako j\u0119zyka mniejszo\u015bci narodowej\u00a0<\/a><\/li>\n<\/ol>\n<\/div>\n<\/div>\n<p>&nbsp;<\/p>\n","protected":false},"excerpt":{"rendered":"<p>&nbsp; ZARZ\u0104DZENIE Nr OR.0050.11.2026 W\u00d3JTA GMINY TURAWA z dnia 21 stycznia 2026 r. w sprawie termin\u00f3w przeprowadzania post\u0119powania rekrutacyjnego i post\u0119powania uzupe\u0142niaj\u0105cego, w tym termin\u00f3w sk\u0142adania dokument\u00f3w, na rok szkolny 2026\/2027 do klas I publicznych szk\u00f3\u0142 podstawowych, dla kt\u00f3rych Gmina Turawa jest organem prowadz\u0105cym. Na podstawie art. 154 ust. 1 pkt 1 w zwi\u0105zku z &hellip; <\/p>\n<p class=\"link-more\"><a href=\"https:\/\/zspbierdzany.pl\/index.php\/rekrutacja-dzieci-do-szkoly-w-zespole-szkolno-przedszkolnym-w-bierdzanach\/\" class=\"more-link\">Czytaj dalej<span class=\"screen-reader-text\"> Rekrutacja dzieci  do Szko\u0142y w Zespole Szkolno-Przedszkolnym w Bierdzanach.<\/span><\/a><\/p>\n","protected":false},"author":2,"featured_media":0,"parent":0,"menu_order":0,"comment_status":"closed","ping_status":"closed","template":"","meta":{"footnotes":""},"_links":{"self":[{"href":"https:\/\/zspbierdzany.pl\/index.php\/wp-json\/wp\/v2\/pages\/4124"}],"collection":[{"href":"https:\/\/zspbierdzany.pl\/index.php\/wp-json\/wp\/v2\/pages"}],"about":[{"href":"https:\/\/zspbierdzany.pl\/index.php\/wp-json\/wp\/v2\/types\/page"}],"author":[{"embeddable":true,"href":"https:\/\/zspbierdzany.pl\/index.php\/wp-json\/wp\/v2\/users\/2"}],"replies":[{"embeddable":true,"href":"https:\/\/zspbierdzany.pl\/index.php\/wp-json\/wp\/v2\/comments?post=4124"}],"version-history":[{"count":4,"href":"https:\/\/zspbierdzany.pl\/index.php\/wp-json\/wp\/v2\/pages\/4124\/revisions"}],"predecessor-version":[{"id":4934,"href":"https:\/\/zspbierdzany.pl\/index.php\/wp-json\/wp\/v2\/pages\/4124\/revisions\/4934"}],"wp:attachment":[{"href":"https:\/\/zspbierdzany.pl\/index.php\/wp-json\/wp\/v2\/media?parent=4124"}],"curies":[{"name":"wp","href":"https:\/\/api.w.org\/{rel}","templated":true}]}}