{"id":627,"date":"2021-08-07T12:37:22","date_gmt":"2021-08-07T12:37:22","guid":{"rendered":"http:\/\/zspbierdzany.pl\/?page_id=627"},"modified":"2021-08-07T12:37:47","modified_gmt":"2021-08-07T12:37:47","slug":"osiagniecia-uczniow","status":"publish","type":"page","link":"https:\/\/zspbierdzany.pl\/index.php\/osiagniecia-uczniow\/","title":{"rendered":"Osi\u0105gni\u0119cia uczni\u00f3w"},"content":{"rendered":"<p>2016\/2017<\/p>\n<p>Juliana Kubis &#8211; I miejsce w gminnym etapie Wojew\u00f3dzkiego Konkursu Historycznego<\/p>\n<p>I miejsce w etapie gminnym Wojew\u00f3dzkiego Konkursu Przyrodniczego<\/p>\n<p>Nikola Elias &#8211; II miejsce w gminnym etapie Wojew\u00f3dzkiego Konkursu Historycznego<\/p>\n<p>Wiktoria Strzelczyk \u2013 laureatka Diecezjalnego Konkursu Plastycznego zorganizowanego przez Wydzia\u0142 Katechetyczny opolskiej Kurii.<\/p>\n<p>Gminny Turniej Pi\u0142karski dla klas I-III \u201eTalentiada\u201d<\/p>\n<p>Marek Wiecha II miejsce<\/p>\n<p>Rafa\u0142 P\u0142oskonka IV miejsce<\/p>\n<p>Wiktoria Strzelczyk VIII miejsce<\/p>\n<p>Miedzyszkolny Konkurs Mitologiczny pod patronatem Instytutu Historii Uniwersytetu Opolskiego<\/p>\n<p>II miejsce dla reprezentacji szko\u0142y<\/p>\n<p>2015\/2016<\/p>\n<p>Monika Synowska \u2013 finalistka Wojew\u00f3dzkiegoKonkursu Historycznego oraz IV miejsce w Wojew\u00f3dzkim Konkursie J\u0119zyka Niemieckiego na szczeblu gminy.<\/p>\n<p>Daniel Pollak \u2013 I miejsce w etapie gminnym Wojew\u00f3dzkiego Konkursu Przyrodniczego<\/p>\n<p>Aleksandra Sierota \u2013 III miejsce w etapie gminnym Wojew\u00f3dzkiego Konkursu Historycznego<\/p>\n<p>Karina Dreja \u2013 III miejsce w Gminnym konkursie plastycznym \u201eCo wiem o swojej gminie\u201d<\/p>\n<p>Marcel Kulawik \u2013 IV miejsce w Gminnym konkursie plastycznym \u201eCo wiem o swojej gminie\u201d<\/p>\n<p>Emilia Pikos \u2013 I miejsce w Gminnym Konkursie Recytatorskim \u201e Z poezj\u0105 na Ty\u201d<\/p>\n<p>Nikola Elias, Juliana Kubis, Daniel Pollak, Monika Synowska &#8211; IV miejsce w Mi\u0119dzyszkolnym Konkursie Mitologicznym<\/p>\n<p>Pawe\u0142 Kubis \u2013 wyr\u00f3\u017cnienie w Mi\u0119dzyszkolnym Konkursie Profilaktycznym \u201eDzi\u0119kuj\u0119, to nie dla mnie\u201d<\/p>\n<p>Anna Biskup \u2013 III miejsce w Gminnym Turnieju Tenisa Sto\u0142owego<\/p>\n<p>Krystian Sliwa \u2013 IV miejsce w Gminnym Turnieju Tenisa Sto\u0142owego<\/p>\n<p>Weronika P\u0142oskonka \u2013 II miejsce w Gminnym Turnieju Tenisa Sto\u0142owego w kategorii do kl. IV<\/p>\n<p>Julia Piecha \u2013 IV miejsce w Gminnym Turnieju Tenisa Sto\u0142owego w kategorii do kl. IV<\/p>\n<p>Adam Wiecha \u2013 V miejsce w Gminnym Turnieju Tenisa Sto\u0142owego w kategorii do kl. IV<\/p>\n<p>Marek Wiecha \u2013 I miejsce w Gminnym Turnieju Pi\u0142ki No\u017cnej \u201eTalentiada\u201d<\/p>\n<p>Pi\u0142karska reprezentacja szko\u0142y \u2013 II miejsce w Gminnym Turnieju Pi\u0142ki No\u017cnej (Ralf Kosok wybrany najlepszym bramkarzem turnieju)<\/p>\n<p>2014\/2015<\/p>\n<p>Katarzyna Junik \u2013 laureatka Wojew\u00f3dzkiego Konkursu Historycznego dla uczni\u00f3w szk\u00f3\u0142 podstawowych<\/p>\n<p>Magdalena Wiecha \u2013 finalistka Wojew\u00f3dzkiego Konkursu Historycznego dla uczni\u00f3w szk\u00f3\u0142 podstawowych<\/p>\n<p>Izabela Dreja \u2013 finalistka Wojew\u00f3dzkiego Konkursu Historycznego dla uczni\u00f3w szk\u00f3\u0142 podstawowych<\/p>\n<p>Magdalena Wiecha \u2013 II miejsce w Mi\u0119dzyszkolnym Konkursie Fotograficznym \u201eCz\u0142owiek i Przyroda\u201d<\/p>\n<p>Krzysztof Pawleta \u2013 III miejsce w Gminnym Konkursie J\u0119zyka Niemieckiego dla klas I-III \u201eMeine allerwunderbarsten M\u00e4rchen\u201d<\/p>\n<p>Julia Pyra\u015b \u2013 I miejsce w Pierwszych Gminnych Rozgrywkach klas III \u201ematematyka Guzika i Patyka\u201d<\/p>\n<p>Mateusz Cygan \u2013 III miejsce w Pierwszych Gminnych Rozgrywkach klas III \u201ematematyka Guzika i Patyka\u201d<\/p>\n<p>Weronika P\u0142oskonka \u2013 III miejsce w Gminnym Konkursie J\u0119zyka Angielskiego w Ligocie Turawskiej<\/p>\n<p>Emilia Pikos \u2013 III miejsce w Gminnym Konkursie Recytatorskim dla klas I-III \u201eZ poezj\u0105 na Ty\u201d.<\/p>\n<p>Kordian Czaplik \u2013 III miejsce w rozgrywkach w pi\u0142k\u0119 no\u017cn\u0105 dla klas I-III \u201eTalentiada\u201d<\/p>\n<p>Marcel Kulawik \u2013 V miejsce w rozgrywkach w pi\u0142k\u0119 no\u017cn\u0105 dla klas I-III \u201eTalentiada\u201d<\/p>\n<p>Tobiasz \u0141azarz \u2013 VI miejsce w rozgrywkach w pi\u0142k\u0119 no\u017cn\u0105 dla klas I-III \u201eTalentiada\u201d<\/p>\n<p>Marek Wiecha \u2013 VI miejsce w rozgrywkach w pi\u0142k\u0119 no\u017cn\u0105 dla klas I-III \u201eTalentiada\u201d, IV miejsce w Turawskich Biegach Prze\u0142ajowych i VII miejsce w biegach prze\u0142ajowych w Kup<\/p>\n<p>2013\/2014<\/p>\n<p>Sebastian Michalczyk &#8211; laureat Wojew\u00f3dzkiego konkursu J\u0119zyka Niemieckiego<\/p>\n<p>Monika Kotynia &#8211; finalistka Wojew\u00f3dzkiego Konkursu J\u0119zyka Polskiego<\/p>\n<p>Monika Kotynia &#8211; finalistka Wojew\u00f3dzkiego Konkursu Historycznego<\/p>\n<p>Monika Kotynia &#8211; I miejsce w Wojew\u00f3dzkim Konkursie Przyrodniczym na etapie gminnym<\/p>\n<p>Monika Kotynia &#8211; II miejsce w Wojew\u00f3dzkim Konkursie Historycznym na etapie gminy<\/p>\n<p>Monika Kotynia &#8211; III miejsce w Konkursie J\u0119zyka Polskiego na szczeblu gminy<\/p>\n<p>Monika Kotynia &#8211; II miejsce w III Mi\u0119dzyszkolnym Konkursie Recytatorskim Polskiej Poezji Patriotycznej pod patronatem Opolskiego Teatru Lalki i Aktora im. Alojzego Smolki<\/p>\n<p>Magdalena Wiecha &#8211; wyr\u00f3\u017cnienie w III Mi\u0119dzyszkolnym Konkursie Recytatorskim Polskiej Poezji Patriotycznej pod patronatem Opolskiego Teatru Lalki i Aktora im. Alojzego Smolki<\/p>\n<p>Monika Kotynia &#8211; II miejsce w mi\u0119dzyszkolnym konkursie j\u0119zyka angielskiego \u201eSpeech Contest\u201d<\/p>\n<p>Katarzyna Junik &#8211; III miejsce w mi\u0119dzyszkolnym konkursie j\u0119zyka angielskiego \u201eSpeech Contest\u201d<\/p>\n<p>Juliana Kubis &#8211; II miejsce w gminnym konkursie j\u0119zyka niemieckiego \u201eMeine Gutenacht-geschichten\u201d<\/p>\n<p>Nikola Elias &#8211; III miejsce w gminnym konkursie j\u0119zyka niemieckiego \u201eMeine Gutenacht-geschichten\u201d<\/p>\n<p>Oliwia Owsianik &#8211; II miejsce w gminnym konkursie artystycznym z okazji 90-lecia Las\u00f3w Pa\u0144stwowych<\/p>\n<p>Weronika P\u0142oskonka &#8211; III miejsce w gminnym konkursie plastycznym \u201eCo wiem o swojej gminie\u201d<\/p>\n<p>Aleksandra Sierota &#8211; III miejsce w Mi\u0119dzyszkolnym Konkursie Fotograficznym \u201eUroda wody\u201d<\/p>\n<p>Krystian Sliwa &#8211; II miejsce w Gminnym Turnieju Tenisa Sto\u0142owego<\/p>\n<p>2012\/2013<\/p>\n<p>Monika Kotynia &#8211; II miejsce w Wojew\u00f3dzkim Konkursie Historycznym na etapie gminy<\/p>\n<p>Sabina Kotynia &#8211; III miejsce w Wojew\u00f3dzkim Konkursie Historycznym na etapie gminy<\/p>\n<p>Monika Kotynia &#8211; III miejsce w Wojew\u00f3dzkim Konkursie J\u0119zyka Polskiego na etapie gminy<\/p>\n<p>Monika Synowska &#8211; II miejsce Gminny Konkurs J\u0119zyka Niemieckiego w kategorii klas I-III<\/p>\n<p>Pawe\u0142 Junik &#8211; III miejsce w Wojew\u00f3dzkim Konkursie Przyrodniczym na etapie gminy<\/p>\n<p>Sabina Kotynia &#8211; I miejsce w II Mi\u0119dzyszkolnym Konkursie Recytatorskim Polskiej Poezji Patriotycznej pod patronatem Opolskiego Teatru Lalki i Aktora im. Alojzego Smolki<\/p>\n<p>PSP Bierdzany &#8211; I miejsce w Mi\u0119dzyszkolnym Turnieju Mini Pi\u0142ki No\u017cnej Ch\u0142opc\u00f3w<\/p>\n<p>2011\/2012<\/p>\n<p>Sabina Mateja &#8211; finalistka Wojew\u00f3dzkiego Konkursu Historycznego<\/p>\n<p>Sabina Mateja &#8211; I miejsce w Wojew\u00f3dzkim Konkursie Historycznym na etapie gminy<\/p>\n<p>Sabina Kotynia &#8211; I miejsce w I Mi\u0119dzyszkolnym Konkursie Recytatorskim Polskiej Poezji Patriotycznej pod patronatem Opolskiego Teatru Lalki i Aktora im. Alojzego Smolki<\/p>\n<p>Magdalena Wiecha &#8211; III miejsce w Gminnym Konkursie Recytatorskim \u201eZ poezj\u0105 na TY\u201d<\/p>\n<p>Julia Wiench &#8211; I miejsce w Turnieju Tenisa Sto\u0142owego o Mistrzostwo gminy Turawa w kategorii dziewcz\u0105t do kl. IV<\/p>\n<p>Karolina Danisz &#8211; II miejsce w Turnieju Tenisa Sto\u0142owego o Mistrzostwo gminy Turawa w kategorii dziewcz\u0105t do kl. IV<\/p>\n<p>Dawid Czaplik &#8211; I miejsce w Wojew\u00f3dzkich Igrzyskach M\u0142odzie\u017cy Szkolnej \u2013 pchni\u0119cie kul\u0105<\/p>\n<p>2010\/2011<\/p>\n<p>Laura Michalczyk &#8211; laureatka Wojew\u00f3dzkiego Konkursu Historycznego<\/p>\n<p>Laura Michalczyk &#8211; laureatka Wojew\u00f3dzkiego Konkursu J\u0119zyka Niemieckiego<\/p>\n<p>Laura Michalczyk &#8211; I miejsce w Wojew\u00f3dzkim Konkursie Polonistycznym na szczeblu gminy<\/p>\n<p>Katarzyna Junik &#8211; I miejsce w turnieju \u201eCo wiesz o swojej gminie?\u201d w kategorii klas I-III<\/p>\n<p>Monika Kotynia &#8211; I miejsce w Gminnym Konkursie Recytatorskim \u201eZ poezj\u0105 na TY\u201d<\/p>\n<p>Dawid Czaplik &#8211; I miejsce na Indywidualnych Mistrzostwach Powiatu Opolskiego w Lekkiej Atletyce w pchni\u0119ciu kul\u0105 4 kg ch\u0142opc\u00f3w.<\/p>\n<p>Dru\u017cyna Ch\u0142opc\u00f3w &#8211; II miejsce w P\u00f3\u0142finale Powiatowym w Dru\u017cynowym<\/p>\n<p>PSP Bierdzany Tenisie Sto\u0142owym<\/p>\n<p>PSP Bierdzany &#8211; III miejsce w III turnieju pi\u0142ki no\u017cnej \u201eO Puchar Stowarzyszenia W\u0119gry\u201d<\/p>\n<p>PSP Bierdzany &#8211; VI miejsce w punktacji zespo\u0142owej PSP w VIII Wiosennych Biegach Prze\u0142ajowych<\/p>\n<p>PSP w Bierdzanach &#8211; I miejsce za najciekawsz\u0105 prezentacj\u0119 sceniczn\u0105 projektu edukacji regionalnej \u201eJanko Muzykant. W Kolorach Opolszczyzny\u201d.<\/p>\n<p>2009\/2010<\/p>\n<p>Magdalena Wiecha &#8211; II miejsce w Mi\u0119dzyszkolnym Konkursie Fotograficznym \u201eCz\u0142owiek i Przyroda\u201d<\/p>\n<p>Magdalena Wiecha &#8211; III miejsce w Gminnym Konkursie Recytatorskim \u201eZ poezj\u0105 na TY\u201d<\/p>\n<p>Monika Kotynia &#8211; III miejsce w Gminnym Konkursie Recytatorskim \u201eZ poezj\u0105 na TY\u201d<\/p>\n<p>Wiktoria Jo\u0144czyk &#8211; III miejsce w turnieju Tenisa Sto\u0142owego o Mistrzostwo Gminy Turawa w kategorii do kl. IV<\/p>\n<p>Julia Wiench &#8211; II miejsce w biegu dziewcz\u0105t kl. IV w VII Wiosennych Biegach Prze\u0142ajowych<\/p>\n<p>Szko\u0142a Podstawowa w Bierdzanach &#8211; I miejsce w mi\u0119dzyszkolnym turnieju w mini pi\u0142ce no\u017cnej ch\u0142opc\u00f3w kl. I-III<\/p>\n<p>Szko\u0142a Podstawowa w Bierdzanach &#8211; III miejsce w mi\u0119dzyszkolnym turnieju w mini pi\u0142ce no\u017cnej ch\u0142opc\u00f3w kl. IV-VI<\/p>\n<p>Szko\u0142a Podstawowa w Bierdzanach &#8211; II miejsce w konkursie na naj\u0142adniejsz\u0105 kompozycj\u0119 jesienn\u0105 na XXXIII Rajdzie \u201eOpolska Jesie\u0144\u201d<\/p>\n<p>2008\/2009<\/p>\n<p>Julia Wiench &#8211; I miejsce w XIV Wojew\u00f3dzkim Konkursie Ortograficznym dla uczni\u00f3w klas III na etapie gminy<\/p>\n<p>Justyna Panicz &#8211; laureatka Wojew\u00f3dzkiego Konkursu Historycznego dla uczni\u00f3w szk\u00f3\u0142 podstawowych<\/p>\n<p>Justyna Panicz &#8211; laureatka Wojew\u00f3dzkiego Konkursu Przyrodniczego dla uczni\u00f3w szk\u00f3\u0142 podstawowych<\/p>\n<p>Patryk Spyra &#8211; II miejsce w II Wojew\u00f3dzkim Konkursie Historycznym na etapie gminnym<\/p>\n<p>Kamila Kulawik &#8211; III miejsce w Wojew\u00f3dzkim Konkursie Polonistycznym na szczeblu gminy<\/p>\n<p>Justyna Panicz &#8211; I miejsce w Wojew\u00f3dzkim Konkursie Polonistycznym na szczeblu gminy<\/p>\n<p>Justyna Panicz &#8211; I miejsce w Gminnym Turnieju Tenisa Sto\u0142owego w kategorii dziewcz\u0105t do klasy VI<\/p>\n<p>Mateusz Mazur &#8211; II miejsce w Gminnym Turnieju Tenisa Sto\u0142owego w kategorii ch\u0142opc\u00f3w do klas IV<\/p>\n<p>Patryk Spyra &#8211; II miejsce w Gminnym Turnieju Tenisa Sto\u0142owego w kategorii ch\u0142opc\u00f3w do klas gimnazjalnych<\/p>\n<p>Patryk Spyra &#8211; II miejsce w Gminnym Turnieju Tenisa Sto\u0142owego w kategorii ch\u0142opc\u00f3w do klasy VI<\/p>\n<p>Jessica Nowak &#8211; II miejsce w Gminnym Turnieju Tenisa Sto\u0142owego w kategorii dziewcz\u0105t do klas VI<\/p>\n<p>PSP Bierdzany &#8211; II miejsce w P\u00f3\u0142finale Powiatowym w Tenisie Sto\u0142owym Ch\u0142opc\u00f3w<\/p>\n<p>PSP Bierdzany &#8211; IV miejsce w finale Dru\u017cynowych Mistrzostw Powiatu w Tenisie Sto\u0142owym Ch\u0142opc\u00f3w<\/p>\n","protected":false},"excerpt":{"rendered":"<p>2016\/2017 Juliana Kubis &#8211; I miejsce w gminnym etapie Wojew\u00f3dzkiego Konkursu Historycznego I miejsce w etapie gminnym Wojew\u00f3dzkiego Konkursu Przyrodniczego Nikola Elias &#8211; II miejsce w gminnym etapie Wojew\u00f3dzkiego Konkursu Historycznego Wiktoria Strzelczyk \u2013 laureatka Diecezjalnego Konkursu Plastycznego zorganizowanego przez Wydzia\u0142 Katechetyczny opolskiej Kurii. Gminny Turniej Pi\u0142karski dla klas I-III \u201eTalentiada\u201d Marek Wiecha II miejsce &hellip; <\/p>\n<p class=\"link-more\"><a href=\"https:\/\/zspbierdzany.pl\/index.php\/osiagniecia-uczniow\/\" class=\"more-link\">Czytaj dalej<span class=\"screen-reader-text\"> Osi\u0105gni\u0119cia uczni\u00f3w<\/span><\/a><\/p>\n","protected":false},"author":1,"featured_media":0,"parent":0,"menu_order":0,"comment_status":"closed","ping_status":"closed","template":"","meta":{"footnotes":""},"_links":{"self":[{"href":"https:\/\/zspbierdzany.pl\/index.php\/wp-json\/wp\/v2\/pages\/627"}],"collection":[{"href":"https:\/\/zspbierdzany.pl\/index.php\/wp-json\/wp\/v2\/pages"}],"about":[{"href":"https:\/\/zspbierdzany.pl\/index.php\/wp-json\/wp\/v2\/types\/page"}],"author":[{"embeddable":true,"href":"https:\/\/zspbierdzany.pl\/index.php\/wp-json\/wp\/v2\/users\/1"}],"replies":[{"embeddable":true,"href":"https:\/\/zspbierdzany.pl\/index.php\/wp-json\/wp\/v2\/comments?post=627"}],"version-history":[{"count":2,"href":"https:\/\/zspbierdzany.pl\/index.php\/wp-json\/wp\/v2\/pages\/627\/revisions"}],"predecessor-version":[{"id":629,"href":"https:\/\/zspbierdzany.pl\/index.php\/wp-json\/wp\/v2\/pages\/627\/revisions\/629"}],"wp:attachment":[{"href":"https:\/\/zspbierdzany.pl\/index.php\/wp-json\/wp\/v2\/media?parent=627"}],"curies":[{"name":"wp","href":"https:\/\/api.w.org\/{rel}","templated":true}]}}