{"id":715,"date":"2021-08-09T19:47:05","date_gmt":"2021-08-09T19:47:05","guid":{"rendered":"http:\/\/zspbierdzany.pl\/?page_id=715"},"modified":"2022-11-04T16:28:38","modified_gmt":"2022-11-04T16:28:38","slug":"aktualnosci","status":"publish","type":"page","link":"https:\/\/zspbierdzany.pl\/index.php\/aktualnosci\/","title":{"rendered":"Aktualno\u015b\u0107i"},"content":{"rendered":"\t\t<div data-elementor-type=\"wp-page\" data-elementor-id=\"715\" class=\"elementor elementor-715\" data-elementor-settings=\"[]\">\n\t\t\t\t\t\t\t<div class=\"elementor-section-wrap\">\n\t\t\t\t\t\t\t<section class=\"elementor-section elementor-top-section elementor-element elementor-element-0cf9ef8 elementor-section-boxed elementor-section-height-default elementor-section-height-default\" data-id=\"0cf9ef8\" data-element_type=\"section\">\n\t\t\t\t\t\t<div class=\"elementor-container elementor-column-gap-default\">\n\t\t\t\t\t<div class=\"elementor-column elementor-col-100 elementor-top-column elementor-element elementor-element-cd7d3b4\" data-id=\"cd7d3b4\" data-element_type=\"column\">\n\t\t\t<div class=\"elementor-widget-wrap\">\n\t\t\t\t\t\t\t\t\t<\/div>\n\t\t<\/div>\n\t\t\t\t\t\t\t<\/div>\n\t\t<\/section>\n\t\t\t\t<section class=\"elementor-section elementor-top-section elementor-element elementor-element-282a4e5 elementor-section-boxed elementor-section-height-default elementor-section-height-default\" data-id=\"282a4e5\" data-element_type=\"section\">\n\t\t\t\t\t\t<div class=\"elementor-container elementor-column-gap-default\">\n\t\t\t\t\t<div class=\"elementor-column elementor-col-100 elementor-top-column elementor-element elementor-element-4f1ae41\" data-id=\"4f1ae41\" data-element_type=\"column\">\n\t\t\t<div class=\"elementor-widget-wrap elementor-element-populated\">\n\t\t\t\t\t\t\t\t<div class=\"elementor-element elementor-element-9524b5e elementor-grid-1 elementor-posts--thumbnail-left elementor-posts--align-left elementor-grid-tablet-2 elementor-grid-mobile-1 elementor-widget elementor-widget-posts\" data-id=\"9524b5e\" data-element_type=\"widget\" data-settings=\"{&quot;classic_columns&quot;:&quot;1&quot;,&quot;classic_row_gap&quot;:{&quot;unit&quot;:&quot;px&quot;,&quot;size&quot;:27,&quot;sizes&quot;:[]},&quot;classic_columns_tablet&quot;:&quot;2&quot;,&quot;classic_columns_mobile&quot;:&quot;1&quot;}\" data-widget_type=\"posts.classic\">\n\t\t\t\t<div class=\"elementor-widget-container\">\n\t\t\t\t\t<div class=\"elementor-posts-container elementor-posts elementor-posts--skin-classic elementor-grid\">\n\t\t\t\t<article class=\"elementor-post elementor-grid-item post-4960 post type-post status-publish format-standard has-post-thumbnail hentry category-uncategorized entry\">\n\t\t\t\t<a class=\"elementor-post__thumbnail__link\" href=\"https:\/\/zspbierdzany.pl\/index.php\/2026\/04\/02\/zajaczek-wielkanocny-w-przedszkolu\/\" >\n\t\t\t<div class=\"elementor-post__thumbnail\"><img loading=\"lazy\" decoding=\"async\" width=\"225\" height=\"300\" src=\"https:\/\/zspbierdzany.pl\/wp-content\/uploads\/2026\/04\/IMG20260401114336-2-225x300.jpg\" class=\"attachment-medium size-medium\" alt=\"\" srcset=\"https:\/\/zspbierdzany.pl\/wp-content\/uploads\/2026\/04\/IMG20260401114336-2-225x300.jpg 225w, https:\/\/zspbierdzany.pl\/wp-content\/uploads\/2026\/04\/IMG20260401114336-2-768x1024.jpg 768w, https:\/\/zspbierdzany.pl\/wp-content\/uploads\/2026\/04\/IMG20260401114336-2-1152x1536.jpg 1152w, https:\/\/zspbierdzany.pl\/wp-content\/uploads\/2026\/04\/IMG20260401114336-2-1536x2048.jpg 1536w, https:\/\/zspbierdzany.pl\/wp-content\/uploads\/2026\/04\/IMG20260401114336-2-1568x2091.jpg 1568w, https:\/\/zspbierdzany.pl\/wp-content\/uploads\/2026\/04\/IMG20260401114336-2-scaled.jpg 1920w\" sizes=\"(max-width: 34.9rem) calc(100vw - 2rem), (max-width: 53rem) calc(8 * (100vw \/ 12)), (min-width: 53rem) calc(6 * (100vw \/ 12)), 100vw\" \/><\/div>\n\t\t<\/a>\n\t\t\t\t<div class=\"elementor-post__text\">\n\t\t\t\t<h3 class=\"elementor-post__title\">\n\t\t\t<a href=\"https:\/\/zspbierdzany.pl\/index.php\/2026\/04\/02\/zajaczek-wielkanocny-w-przedszkolu\/\" >\n\t\t\t\tZaj\u0105czek Wielkanocny w przedszkolu\t\t\t<\/a>\n\t\t<\/h3>\n\t\t\t\t<div class=\"elementor-post__meta-data\">\n\t\t\t\t\t<span class=\"elementor-post-date\">\n\t\t\t2 kwietnia, 2026\t\t<\/span>\n\t\t\t\t<span class=\"elementor-post-avatar\">\n\t\t\tBrak komentarzy\t\t<\/span>\n\t\t\t\t<\/div>\n\t\t\t\t<div class=\"elementor-post__excerpt\">\n\t\t\t<p>1 kwietnia nasze przedszkole odwiedzi\u0142 wielkanocny zaj\u0105czek, kt\u00f3ry bawi\u0142 si\u0119 z dzie\u0107mi i zach\u0119ca\u0142 do poszukiwania ukrytych przez niego w ogrodzie niespodzianek. Poszukiwania si\u0119 uda\u0142y a dzieci otrzyma\u0142y s\u0142odkie niespodzianki.<\/p>\n\t\t<\/div>\n\t\t\t\t\t<a class=\"elementor-post__read-more\" href=\"https:\/\/zspbierdzany.pl\/index.php\/2026\/04\/02\/zajaczek-wielkanocny-w-przedszkolu\/\" >\n\t\t\t\tCzytaj wi\u0119cej >>\t\t\t<\/a>\n\t\t\t\t<\/div>\n\t\t\t\t<\/article>\n\t\t\t\t<article class=\"elementor-post elementor-grid-item post-4957 post type-post status-publish format-standard hentry category-uncategorized entry\">\n\t\t\t\t<div class=\"elementor-post__text\">\n\t\t\t\t<h3 class=\"elementor-post__title\">\n\t\t\t<a href=\"https:\/\/zspbierdzany.pl\/index.php\/2026\/03\/23\/wyniki-postepowania-rekrutacyjnego-do-przedszkola-2\/\" >\n\t\t\t\tWyniki post\u0119powania rekrutacyjnego do przedszkola\t\t\t<\/a>\n\t\t<\/h3>\n\t\t\t\t<div class=\"elementor-post__meta-data\">\n\t\t\t\t\t<span class=\"elementor-post-date\">\n\t\t\t23 marca, 2026\t\t<\/span>\n\t\t\t\t<span class=\"elementor-post-avatar\">\n\t\t\tBrak komentarzy\t\t<\/span>\n\t\t\t\t<\/div>\n\t\t\t\t<div class=\"elementor-post__excerpt\">\n\t\t\t<p>Informujemy, \u017ce wszystkie wnioski o przyj\u0119cie do przedszkola w roku szkolnym 2026\/2027, z\u0142o\u017cone w pierwszym etapie rekrutacji, zosta\u0142y rozpatrzone pozytywnie. Lista przyj\u0119tych do przedszkola jest udost\u0119pniona na gazetce w przedszkolu.<\/p>\n\t\t<\/div>\n\t\t\t\t\t<a class=\"elementor-post__read-more\" href=\"https:\/\/zspbierdzany.pl\/index.php\/2026\/03\/23\/wyniki-postepowania-rekrutacyjnego-do-przedszkola-2\/\" >\n\t\t\t\tCzytaj wi\u0119cej >>\t\t\t<\/a>\n\t\t\t\t<\/div>\n\t\t\t\t<\/article>\n\t\t\t\t<article class=\"elementor-post elementor-grid-item post-4949 post type-post status-publish format-standard has-post-thumbnail hentry category-uncategorized entry\">\n\t\t\t\t<a class=\"elementor-post__thumbnail__link\" href=\"https:\/\/zspbierdzany.pl\/index.php\/2026\/03\/18\/kino-sferyczne\/\" >\n\t\t\t<div class=\"elementor-post__thumbnail\"><img loading=\"lazy\" decoding=\"async\" width=\"225\" height=\"300\" src=\"https:\/\/zspbierdzany.pl\/wp-content\/uploads\/2026\/03\/IMG-20260318-WA0012-225x300.jpg\" class=\"attachment-medium size-medium\" alt=\"\" srcset=\"https:\/\/zspbierdzany.pl\/wp-content\/uploads\/2026\/03\/IMG-20260318-WA0012-225x300.jpg 225w, https:\/\/zspbierdzany.pl\/wp-content\/uploads\/2026\/03\/IMG-20260318-WA0012-768x1024.jpg 768w, https:\/\/zspbierdzany.pl\/wp-content\/uploads\/2026\/03\/IMG-20260318-WA0012-1152x1536.jpg 1152w, https:\/\/zspbierdzany.pl\/wp-content\/uploads\/2026\/03\/IMG-20260318-WA0012.jpg 1500w\" sizes=\"(max-width: 34.9rem) calc(100vw - 2rem), (max-width: 53rem) calc(8 * (100vw \/ 12)), (min-width: 53rem) calc(6 * (100vw \/ 12)), 100vw\" \/><\/div>\n\t\t<\/a>\n\t\t\t\t<div class=\"elementor-post__text\">\n\t\t\t\t<h3 class=\"elementor-post__title\">\n\t\t\t<a href=\"https:\/\/zspbierdzany.pl\/index.php\/2026\/03\/18\/kino-sferyczne\/\" >\n\t\t\t\tKino Sferyczne\t\t\t<\/a>\n\t\t<\/h3>\n\t\t\t\t<div class=\"elementor-post__meta-data\">\n\t\t\t\t\t<span class=\"elementor-post-date\">\n\t\t\t18 marca, 2026\t\t<\/span>\n\t\t\t\t<span class=\"elementor-post-avatar\">\n\t\t\tBrak komentarzy\t\t<\/span>\n\t\t\t\t<\/div>\n\t\t\t\t<div class=\"elementor-post__excerpt\">\n\t\t\t<p>18 marca nasze przedszkolaki uczestniczy\u0142y w niezwyk\u0142ym wydarzeniu- mobilne kino sferyczne!\u00a0 Dzi\u0119ki panoramicznemu obrazowi 360\u00b0 dzieci mog\u0142y do\u015bwiadczy\u0107 czego\u015b zupe\u0142nie nowego- wirtualnej rzeczywisto\u015bci, kt\u00f3ra pobudza wyobra\u017ani\u0119 i ciekawo\u015b\u0107 \u015bwiata.<\/p>\n\t\t<\/div>\n\t\t\t\t\t<a class=\"elementor-post__read-more\" href=\"https:\/\/zspbierdzany.pl\/index.php\/2026\/03\/18\/kino-sferyczne\/\" >\n\t\t\t\tCzytaj wi\u0119cej >>\t\t\t<\/a>\n\t\t\t\t<\/div>\n\t\t\t\t<\/article>\n\t\t\t\t<article class=\"elementor-post elementor-grid-item post-4939 post type-post status-publish format-standard has-post-thumbnail hentry category-uncategorized entry\">\n\t\t\t\t<a class=\"elementor-post__thumbnail__link\" href=\"https:\/\/zspbierdzany.pl\/index.php\/2026\/03\/18\/darowizna-rzeczowa-firmy-rossmann\/\" >\n\t\t\t<div class=\"elementor-post__thumbnail\"><img loading=\"lazy\" decoding=\"async\" width=\"226\" height=\"300\" src=\"https:\/\/zspbierdzany.pl\/wp-content\/uploads\/2026\/03\/IMG202603181121471-226x300.jpg\" class=\"attachment-medium size-medium\" alt=\"\" srcset=\"https:\/\/zspbierdzany.pl\/wp-content\/uploads\/2026\/03\/IMG202603181121471-226x300.jpg 226w, https:\/\/zspbierdzany.pl\/wp-content\/uploads\/2026\/03\/IMG202603181121471-771x1024.jpg 771w, https:\/\/zspbierdzany.pl\/wp-content\/uploads\/2026\/03\/IMG202603181121471-768x1020.jpg 768w, https:\/\/zspbierdzany.pl\/wp-content\/uploads\/2026\/03\/IMG202603181121471-1157x1536.jpg 1157w, https:\/\/zspbierdzany.pl\/wp-content\/uploads\/2026\/03\/IMG202603181121471-1542x2048.jpg 1542w, https:\/\/zspbierdzany.pl\/wp-content\/uploads\/2026\/03\/IMG202603181121471-1568x2083.jpg 1568w, https:\/\/zspbierdzany.pl\/wp-content\/uploads\/2026\/03\/IMG202603181121471-scaled.jpg 1928w\" sizes=\"(max-width: 34.9rem) calc(100vw - 2rem), (max-width: 53rem) calc(8 * (100vw \/ 12)), (min-width: 53rem) calc(6 * (100vw \/ 12)), 100vw\" \/><\/div>\n\t\t<\/a>\n\t\t\t\t<div class=\"elementor-post__text\">\n\t\t\t\t<h3 class=\"elementor-post__title\">\n\t\t\t<a href=\"https:\/\/zspbierdzany.pl\/index.php\/2026\/03\/18\/darowizna-rzeczowa-firmy-rossmann\/\" >\n\t\t\t\tDarowizna rzeczowa firmy Rossmann\t\t\t<\/a>\n\t\t<\/h3>\n\t\t\t\t<div class=\"elementor-post__meta-data\">\n\t\t\t\t\t<span class=\"elementor-post-date\">\n\t\t\t18 marca, 2026\t\t<\/span>\n\t\t\t\t<span class=\"elementor-post-avatar\">\n\t\t\tBrak komentarzy\t\t<\/span>\n\t\t\t\t<\/div>\n\t\t\t\t<div class=\"elementor-post__excerpt\">\n\t\t\t<p>Dzi\u0119ki wsp\u00f3\u0142pracy z Mniejszo\u015bci\u0105 Niemieck\u0105 uda\u0142o nam si\u0119 pozyska\u0107 darowizny rzeczowe od firmy Rossmann GmbH. Serdecznie dzi\u0119kujemy pani Ricie Gabry\u015b oraz panu Norbertowi Bernertowi za zaanga\u017cowanie i transport.<\/p>\n\t\t<\/div>\n\t\t\t\t\t<a class=\"elementor-post__read-more\" href=\"https:\/\/zspbierdzany.pl\/index.php\/2026\/03\/18\/darowizna-rzeczowa-firmy-rossmann\/\" >\n\t\t\t\tCzytaj wi\u0119cej >>\t\t\t<\/a>\n\t\t\t\t<\/div>\n\t\t\t\t<\/article>\n\t\t\t\t<article class=\"elementor-post elementor-grid-item post-4932 post type-post status-publish format-standard has-post-thumbnail hentry category-uncategorized entry\">\n\t\t\t\t<a class=\"elementor-post__thumbnail__link\" href=\"https:\/\/zspbierdzany.pl\/index.php\/2026\/02\/27\/zapisy-dzieci-do-szkoly-zsp-w-bierdzanach-2\/\" >\n\t\t\t<div class=\"elementor-post__thumbnail\"><img loading=\"lazy\" decoding=\"async\" width=\"275\" height=\"183\" src=\"https:\/\/zspbierdzany.pl\/wp-content\/uploads\/2025\/02\/Bez-tytulu.jpg\" class=\"attachment-medium size-medium\" alt=\"\" sizes=\"(max-width: 34.9rem) calc(100vw - 2rem), (max-width: 53rem) calc(8 * (100vw \/ 12)), (min-width: 53rem) calc(6 * (100vw \/ 12)), 100vw\" \/><\/div>\n\t\t<\/a>\n\t\t\t\t<div class=\"elementor-post__text\">\n\t\t\t\t<h3 class=\"elementor-post__title\">\n\t\t\t<a href=\"https:\/\/zspbierdzany.pl\/index.php\/2026\/02\/27\/zapisy-dzieci-do-szkoly-zsp-w-bierdzanach-2\/\" >\n\t\t\t\tZapisy dzieci do szko\u0142y ZSP w Bierdzanach\t\t\t<\/a>\n\t\t<\/h3>\n\t\t\t\t<div class=\"elementor-post__meta-data\">\n\t\t\t\t\t<span class=\"elementor-post-date\">\n\t\t\t27 lutego, 2026\t\t<\/span>\n\t\t\t\t<span class=\"elementor-post-avatar\">\n\t\t\tBrak komentarzy\t\t<\/span>\n\t\t\t\t<\/div>\n\t\t\t\t<div class=\"elementor-post__excerpt\">\n\t\t\t<p>Zapisanie dziecka do szko\u0142y: Zgodnie z zarz\u0105dzeniem W\u00f3jta Gminy Turawa Nr OR.0050.11.2026 og\u0142aszamy rekrutacj\u0119 do Szko\u0142y w Zespole Szkolno-Przedszkolnym w Bierdzanach; \u2013\u00a0\u00a0\u00a0\u00a0\u00a0\u00a0\u00a0 Termin rozpocz\u0119cia rekrutacji oraz sk\u0142adania wniosk\u00f3w o przyj\u0119cie<\/p>\n\t\t<\/div>\n\t\t\t\t\t<a class=\"elementor-post__read-more\" href=\"https:\/\/zspbierdzany.pl\/index.php\/2026\/02\/27\/zapisy-dzieci-do-szkoly-zsp-w-bierdzanach-2\/\" >\n\t\t\t\tCzytaj wi\u0119cej >>\t\t\t<\/a>\n\t\t\t\t<\/div>\n\t\t\t\t<\/article>\n\t\t\t\t<article class=\"elementor-post elementor-grid-item post-4929 post type-post status-publish format-standard has-post-thumbnail hentry category-uncategorized entry\">\n\t\t\t\t<a class=\"elementor-post__thumbnail__link\" href=\"https:\/\/zspbierdzany.pl\/index.php\/2026\/02\/27\/4929\/\" >\n\t\t\t<div class=\"elementor-post__thumbnail\"><img loading=\"lazy\" decoding=\"async\" width=\"300\" height=\"98\" src=\"https:\/\/zspbierdzany.pl\/wp-content\/uploads\/2023\/02\/Bez-tytulu1-300x98.jpg\" class=\"attachment-medium size-medium\" alt=\"\" srcset=\"https:\/\/zspbierdzany.pl\/wp-content\/uploads\/2023\/02\/Bez-tytulu1-300x98.jpg 300w, https:\/\/zspbierdzany.pl\/wp-content\/uploads\/2023\/02\/Bez-tytulu1.jpg 581w\" sizes=\"(max-width: 34.9rem) calc(100vw - 2rem), (max-width: 53rem) calc(8 * (100vw \/ 12)), (min-width: 53rem) calc(6 * (100vw \/ 12)), 100vw\" \/><\/div>\n\t\t<\/a>\n\t\t\t\t<div class=\"elementor-post__text\">\n\t\t\t\t<h3 class=\"elementor-post__title\">\n\t\t\t<a href=\"https:\/\/zspbierdzany.pl\/index.php\/2026\/02\/27\/4929\/\" >\n\t\t\t\tZAPISY DZIECI DO PRZEDSZKOLA W ZESPOLE SZKOLNO-PRZEDSZKOLNYM W BIERDZANACH\t\t\t<\/a>\n\t\t<\/h3>\n\t\t\t\t<div class=\"elementor-post__meta-data\">\n\t\t\t\t\t<span class=\"elementor-post-date\">\n\t\t\t27 lutego, 2026\t\t<\/span>\n\t\t\t\t<span class=\"elementor-post-avatar\">\n\t\t\tBrak komentarzy\t\t<\/span>\n\t\t\t\t<\/div>\n\t\t\t\t<div class=\"elementor-post__excerpt\">\n\t\t\t<p>Witaj w naszym gronie Droga Mamo, Drogi Tato. Tak to ju\u017c pora\u2026Twoje dziecko b\u0119dzie Przedszkolakiem. \u00a0\u00a0\u00a0\u00a0\u00a0\u00a0\u00a0\u00a0\u00a0\u00a0\u00a0\u00a0\u00a0\u00a0\u00a0\u00a0\u00a0\u00a0\u00a0\u00a0\u00a0\u00a0\u00a0\u00a0\u00a0\u00a0\u00a0\u00a0\u00a0\u00a0\u00a0\u00a0\u00a0\u00a0\u00a0\u00a0\u00a0\u00a0\u00a0\u00a0\u00a0\u00a0\u00a0\u00a0\u00a0\u00a0\u00a0\u00a0\u00a0\u00a0\u00a0\u00a0\u00a0\u00a0\u00a0\u00a0\u00a0\u00a0\u00a0\u00a0\u00a0\u00a0 Od czego zacz\u0105\u0107? Zapisanie dziecka do przedszkola: Zgodnie z zarz\u0105dzeniem W\u00f3jta Gminy Turawa Nr<\/p>\n\t\t<\/div>\n\t\t\t\t\t<a class=\"elementor-post__read-more\" href=\"https:\/\/zspbierdzany.pl\/index.php\/2026\/02\/27\/4929\/\" >\n\t\t\t\tCzytaj wi\u0119cej >>\t\t\t<\/a>\n\t\t\t\t<\/div>\n\t\t\t\t<\/article>\n\t\t\t\t<\/div>\n\t\t\t\t<nav class=\"elementor-pagination\" role=\"navigation\" aria-label=\"Pagination\">\n\t\t\t<span class=\"page-numbers prev\">&laquo; Poprzedni<\/span>\n<span aria-current=\"page\" class=\"page-numbers current\"><span class=\"elementor-screen-only\">Page<\/span>1<\/span>\n<a class=\"page-numbers\" href=\"https:\/\/zspbierdzany.pl\/index.php\/wp-json\/wp\/v2\/pages\/715\/page\/2\/\"><span class=\"elementor-screen-only\">Page<\/span>2<\/a>\n<a class=\"page-numbers\" href=\"https:\/\/zspbierdzany.pl\/index.php\/wp-json\/wp\/v2\/pages\/715\/page\/3\/\"><span class=\"elementor-screen-only\">Page<\/span>3<\/a>\n<span class=\"page-numbers dots\">&hellip;<\/span>\n<a class=\"page-numbers\" href=\"https:\/\/zspbierdzany.pl\/index.php\/wp-json\/wp\/v2\/pages\/715\/page\/37\/\"><span class=\"elementor-screen-only\">Page<\/span>37<\/a>\n<a class=\"page-numbers next\" href=\"https:\/\/zspbierdzany.pl\/index.php\/wp-json\/wp\/v2\/pages\/715\/page\/2\/\">Nast\u0119pny &raquo;<\/a>\t\t<\/nav>\n\t\t\t\t<\/div>\n\t\t\t\t<\/div>\n\t\t\t\t\t<\/div>\n\t\t<\/div>\n\t\t\t\t\t\t\t<\/div>\n\t\t<\/section>\n\t\t\t\t\t\t<\/div>\n\t\t\t\t\t<\/div>\n\t\t","protected":false},"excerpt":{"rendered":"","protected":false},"author":1,"featured_media":0,"parent":0,"menu_order":0,"comment_status":"closed","ping_status":"closed","template":"","meta":{"footnotes":""},"_links":{"self":[{"href":"https:\/\/zspbierdzany.pl\/index.php\/wp-json\/wp\/v2\/pages\/715"}],"collection":[{"href":"https:\/\/zspbierdzany.pl\/index.php\/wp-json\/wp\/v2\/pages"}],"about":[{"href":"https:\/\/zspbierdzany.pl\/index.php\/wp-json\/wp\/v2\/types\/page"}],"author":[{"embeddable":true,"href":"https:\/\/zspbierdzany.pl\/index.php\/wp-json\/wp\/v2\/users\/1"}],"replies":[{"embeddable":true,"href":"https:\/\/zspbierdzany.pl\/index.php\/wp-json\/wp\/v2\/comments?post=715"}],"version-history":[{"count":24,"href":"https:\/\/zspbierdzany.pl\/index.php\/wp-json\/wp\/v2\/pages\/715\/revisions"}],"predecessor-version":[{"id":2266,"href":"https:\/\/zspbierdzany.pl\/index.php\/wp-json\/wp\/v2\/pages\/715\/revisions\/2266"}],"wp:attachment":[{"href":"https:\/\/zspbierdzany.pl\/index.php\/wp-json\/wp\/v2\/media?parent=715"}],"curies":[{"name":"wp","href":"https:\/\/api.w.org\/{rel}","templated":true}]}}